{"id":3591,"date":"2024-11-07T02:46:57","date_gmt":"2024-11-07T02:46:57","guid":{"rendered":"https:\/\/www.cliniqueorl.com\/?page_id=3591"},"modified":"2024-11-07T17:14:06","modified_gmt":"2024-11-07T17:14:06","slug":"ablation-radiofrequence-rfa","status":"publish","type":"page","link":"https:\/\/www.cliniqueorl.com\/en\/ablation-radiofrequence-rfa\/","title":{"rendered":"Ablation Par Radiofr\u00e9quence RFA"},"content":{"rendered":"<div data-elementor-type=\"wp-page\" data-elementor-id=\"3591\" class=\"elementor elementor-3591\" data-elementor-post-type=\"page\">\n\t\t\t\t\t\t<section class=\"elementor-section elementor-top-section elementor-element elementor-element-1635725f elementor-section-boxed elementor-section-height-default elementor-section-height-default\" data-id=\"1635725f\" data-element_type=\"section\" data-e-type=\"section\">\n\t\t\t\t\t\t<div class=\"elementor-container elementor-column-gap-extended\">\n\t\t\t\t\t<aside class=\"elementor-column elementor-col-50 elementor-top-column elementor-element elementor-element-14919ad9\" data-id=\"14919ad9\" data-element_type=\"column\" data-e-type=\"column\">\n\t\t\t<div class=\"elementor-widget-wrap elementor-element-populated\">\n\t\t\t\t\t\t<section class=\"elementor-section elementor-inner-section elementor-element elementor-element-6f6f12fd elementor-section-boxed elementor-section-height-default elementor-section-height-default\" data-id=\"6f6f12fd\" data-element_type=\"section\" data-e-type=\"section\" data-settings=\"{&quot;background_background&quot;:&quot;classic&quot;}\">\n\t\t\t\t\t\t\t<div class=\"elementor-background-overlay\"><\/div>\n\t\t\t\t\t\t\t<div class=\"elementor-container elementor-column-gap-default\">\n\t\t\t\t\t<div class=\"elementor-column elementor-col-100 elementor-inner-column elementor-element elementor-element-321b1845\" data-id=\"321b1845\" data-element_type=\"column\" data-e-type=\"column\">\n\t\t\t<div class=\"elementor-widget-wrap elementor-element-populated\">\n\t\t\t\t\t\t<div class=\"elementor-element-custom_font_size elementor-element-custom_line_height elementor-element-custom_font_family elementor-element-custom_font_weight elementor-element-custom_color elementor-element elementor-element-fb1ff5c elementor-widget elementor-widget-text-editor\" data-id=\"fb1ff5c\" data-element_type=\"widget\" data-e-type=\"widget\" data-widget_type=\"text-editor.default\">\n\t\t\t\t<div class=\"elementor-widget-container\">\n\t\t\t\t\t\t\t\t\t<p style=\"text-align: center;\">BOOK<\/p>\t\t\t\t\t\t\t\t<\/div>\n\t\t\t\t<\/div>\n\t\t\t\t<div class=\"elementor-element-custom_font_size elementor-element-custom_line_height elementor-element-custom_font_family elementor-element-custom_font_weight elementor-element-custom_color elementor-element elementor-element-286034af elementor-widget elementor-widget-text-editor\" data-id=\"286034af\" data-element_type=\"widget\" data-e-type=\"widget\" data-widget_type=\"text-editor.default\">\n\t\t\t\t<div class=\"elementor-widget-container\">\n\t\t\t\t\t\t\t\t\t<p style=\"text-align: center;\">AN APPOINTMENT<\/p>\t\t\t\t\t\t\t\t<\/div>\n\t\t\t\t<\/div>\n\t\t\t\t<div class=\"elementor-element elementor-element-1745de9 elementor-widget elementor-widget-spacer\" data-id=\"1745de9\" data-element_type=\"widget\" data-e-type=\"widget\" data-widget_type=\"spacer.default\">\n\t\t\t\t<div class=\"elementor-widget-container\">\n\t\t\t\t\t\t\t<div class=\"elementor-spacer\">\n\t\t\t<div class=\"elementor-spacer-inner\"><\/div>\n\t\t<\/div>\n\t\t\t\t\t\t<\/div>\n\t\t\t\t<\/div>\n\t\t\t\t<div class=\"gt3-core-button--alignment_center elementor-element elementor-element-45de2f5 elementor-widget elementor-widget-gt3-core-button\" data-id=\"45de2f5\" data-element_type=\"widget\" data-e-type=\"widget\" data-widget_type=\"gt3-core-button.default\">\n\t\t\t\t<div class=\"elementor-widget-container\">\n\t\t\t\t\t\t<div class=\"gt3_module_button_elementor size_small alignment_center button_icon_none hover_none\">\r\n\t\t<a class=\"button_size_elementor_small alignment_center border_icon_none hover_none btn_icon_position_left\" href=\"https:\/\/www.cliniqueorl.com\/en\/rendez-vous-en-ligne-orl-adulte\/\">\r\n\t\t\t\t<span class=\"gt3_module_button__container\">\r\n\t\t\t\t\t\t\t\t\t\t\t<span class=\"gt3_module_button__cover front\"><span class=\"elementor_gt3_btn_text\">PRENDRE RENDEZ-VOUS<\/span><\/span>\r\n\t\t\t\t\t\t\t\t\t\t\t\t\t\t\t<\/span>\r\n\t\t<\/a>\r\n\t<\/div>\r\n\r\n<script type=\"application\/json\" id=\"settings--45de2f5\">[]<\/script>\t\t\t\t<\/div>\n\t\t\t\t<\/div>\n\t\t\t\t<div class=\"elementor-element elementor-element-5a6287f0 elementor-widget elementor-widget-spacer\" data-id=\"5a6287f0\" data-element_type=\"widget\" data-e-type=\"widget\" data-widget_type=\"spacer.default\">\n\t\t\t\t<div class=\"elementor-widget-container\">\n\t\t\t\t\t\t\t<div class=\"elementor-spacer\">\n\t\t\t<div class=\"elementor-spacer-inner\"><\/div>\n\t\t<\/div>\n\t\t\t\t\t\t<\/div>\n\t\t\t\t<\/div>\n\t\t\t\t\t<\/div>\n\t\t<\/div>\n\t\t\t\t\t<\/div>\n\t\t<\/section>\n\t\t\t\t<div class=\"elementor-element elementor-element-69765b7b elementor-widget elementor-widget-heading\" data-id=\"69765b7b\" data-element_type=\"widget\" data-e-type=\"widget\" data-widget_type=\"heading.default\">\n\t\t\t\t<div class=\"elementor-widget-container\">\n\t\t\t\t\t<h5 class=\"elementor-heading-title elementor-size-default\">HEAD SPECIALIST<\/h5>\t\t\t\t<\/div>\n\t\t\t\t<\/div>\n\t\t\t\t<div class=\"elementor-element elementor-element-7b8361a5 arrow_position-bottom grid_gap-0 elementor-widget elementor-widget-gt3-core-teamcarousel\" data-id=\"7b8361a5\" data-element_type=\"widget\" data-e-type=\"widget\" data-widget_type=\"gt3-core-teamcarousel.default\">\n\t\t\t\t<div class=\"elementor-widget-container\">\n\t\t\t\t\t\t<div class=\"team_has_arrows_bg_color module_team type2\" data-settings=\"{&quot;fade&quot;:false,&quot;autoplay&quot;:false,&quot;items_per_line&quot;:1,&quot;autoplaySpeed&quot;:4000,&quot;dots&quot;:false,&quot;arrows&quot;:true,&quot;centerMode&quot;:false,&quot;l10n&quot;:{&quot;prev&quot;:&quot;Prev&quot;,&quot;next&quot;:&quot;Next&quot;}}\">\r\n\t\t<div class=\"shortcode_team\">\r\n\t\t\t<div class=\"items1\">\r\n\t\t\t\t\t\t\t\t<ul class=\"item_list gt3_clear\">\r\n\t\t\t\t\t<li class=\"item-team-member medecin-orl\"><div class=\"item_wrapper\"><div class=\"item\"><div class=\"team_img featured_img\"><a href=\"https:\/\/www.cliniqueorl.com\/en\/blog\/team\/dr-ilyes-berania\/\"><img decoding=\"async\"  srcset=\"https:\/\/www.cliniqueorl.com\/wp-content\/uploads\/2024\/03\/Ilyes_Berania-orl-photo-1-1920x1920.png 1920w, https:\/\/www.cliniqueorl.com\/wp-content\/uploads\/2024\/03\/Ilyes_Berania-orl-photo-1-1600x1600.png 1600w, https:\/\/www.cliniqueorl.com\/wp-content\/uploads\/2024\/03\/Ilyes_Berania-orl-photo-1-1200x1200.png 1200w, https:\/\/www.cliniqueorl.com\/wp-content\/uploads\/2024\/03\/Ilyes_Berania-orl-photo-1-992x992.png 992w, https:\/\/www.cliniqueorl.com\/wp-content\/uploads\/2024\/03\/Ilyes_Berania-orl-photo-1-768x768.png 768w, https:\/\/www.cliniqueorl.com\/wp-content\/uploads\/2024\/03\/Ilyes_Berania-orl-photo-1-600x600.png 600w,https:\/\/www.cliniqueorl.com\/wp-content\/uploads\/2024\/03\/Ilyes_Berania-orl-photo-1-420x420.png 420w\" src=\"https:\/\/www.cliniqueorl.com\/wp-content\/uploads\/2024\/03\/Ilyes_Berania-orl-photo-1-1600x1600.png\" sizes=\"(min-width: 1600px) 1920px, (min-width: 1200px) 1600px, (min-width: 992px) 1200px, (min-width: 768px) 992px, (min-width: 600px) 768px, (min-width: 420px) 600px, (max-width: 600px) 420px\" title=\"Ilyes_Berania-orl-photo\" alt=\"Ilyes_Berania-orl-photo\" \/><\/a><\/div><div class=\"team-infobox\"><div class=\"team_title\"><div class=\"team_title_wrapper\"><h3 class=\"team_title__text\"><a href=\"https:\/\/www.cliniqueorl.com\/en\/blog\/team\/dr-ilyes-berania\/\">Dr Ilyes Berania<\/a><\/h3><div class=\"team-positions\">M\u00e9decin ORL<\/div><\/div><\/div><\/div><div class=\"team_item_hover\"><div class=\"team_title\"><div class=\"team_title_wrapper\"><h3 class=\"team_title__text\"><a href=\"https:\/\/www.cliniqueorl.com\/en\/blog\/team\/dr-ilyes-berania\/\">Dr Ilyes Berania<\/a><\/h3><div class=\"team-positions\">M\u00e9decin ORL<\/div><\/div><\/div><\/div><\/div><\/div><\/li>\t\t\t\t<\/ul>\r\n\t\t\t\t<div class=\"clear\"><\/div>\r\n\t\t\t<\/div>\r\n\t\t<\/div>\r\n\t<\/div>\r\n\t\t\t\t<\/div>\n\t\t\t\t<\/div>\n\t\t\t\t<section class=\"elementor-section elementor-inner-section elementor-element elementor-element-549c3c9f elementor-section-boxed elementor-section-height-default elementor-section-height-default\" data-id=\"549c3c9f\" data-element_type=\"section\" data-e-type=\"section\">\n\t\t\t\t\t\t<div class=\"elementor-container elementor-column-gap-no\">\n\t\t\t\t\t<div class=\"elementor-column elementor-col-100 elementor-inner-column elementor-element elementor-element-2783fc83\" data-id=\"2783fc83\" data-element_type=\"column\" data-e-type=\"column\">\n\t\t\t<div class=\"elementor-widget-wrap elementor-element-populated\">\n\t\t\t\t\t\t<div class=\"elementor-element elementor-element-5f597480 elementor-widget elementor-widget-heading\" data-id=\"5f597480\" data-element_type=\"widget\" data-e-type=\"widget\" data-widget_type=\"heading.default\">\n\t\t\t\t<div class=\"elementor-widget-container\">\n\t\t\t\t\t<h5 class=\"elementor-heading-title elementor-size-default\">SPECIALITIES<\/h5>\t\t\t\t<\/div>\n\t\t\t\t<\/div>\n\t\t\t\t<div class=\"elementor-element-custom_font_size elementor-element-custom_font_weight elementor-element elementor-element-4cb96c4e elementor-widget elementor-widget-text-editor\" data-id=\"4cb96c4e\" data-element_type=\"widget\" data-e-type=\"widget\" data-widget_type=\"text-editor.default\">\n\t\t\t\t<div class=\"elementor-widget-container\">\n\t\t\t\t\t\t\t\t\tEars\n<ul>\n \t<li><span style=\"color: #ffffff;\"><a href=\"https:\/\/www.cliniqueorl.com\/en\/departments\/orl-generale\/oreilles\/otites-moyennes-externes\/\" style=\"color: #273251;\">OTITIS MEDIA \/ EXTERNA<\/a><\/span><\/li>\n \t<li><span style=\"color: #ffffff;\"><a href=\"https:\/\/www.cliniqueorl.com\/en\/departments\/orl-generale\/oreilles\/cholesteatome\/\" style=\"color: #273251;\">CHOLESTEATOMA<\/a><\/span><\/li>\n \t<li><span style=\"color: #ffffff;\"><a href=\"https:\/\/www.cliniqueorl.com\/en\/departments\/orl-generale\/oreilles\/otosclerose\/\" style=\"color: #273251;\">OTOSCLEROSIS<\/a><\/span><\/li>\n \t<li><span style=\"color: #ffffff;\"><a href=\"https:\/\/www.cliniqueorl.com\/en\/departments\/orl-generale\/oreilles\/schwannome vestibulaire\/\" style=\"color: #273251;\">SCHWANNOMA VESTIBULAR<\/a><\/span><\/li>\n \t<li><span style=\"color: #ffffff;\"><a href=\"https:\/\/www.cliniqueorl.com\/en\/departments\/orl-generale\/oreilles\/acouphene\/\" style=\"color: #273251;\">RINGING IN EAR (TINNITUS)<\/a><\/span><\/li>\n \t<li><span style=\"color: #ffffff;\"><a href=\"https:\/\/www.cliniqueorl.com\/en\/departments\/orl-generale\/oreilles\/bouchon-cire-oreille\/\" style=\"color: #273251;\">EAR WAX PLUG<\/a><\/span><\/li>\n \t<li><span style=\"color: #ffffff;\"><a href=\"https:\/\/www.cliniqueorl.com\/en\/departments\/orl-generale\/oreilles\/surdite\/\" style=\"color: #273251;\">HEARING LOSS<\/a><\/span><\/li>\n \t<li><span style=\"color: #ffffff;\"><a href=\"https:\/\/www.cliniqueorl.com\/en\/departments\/orl-generale\/oreilles\/vertiges\/\" style=\"color: #273251;\">VERTIGO<\/a><\/span><\/li>\n \t<li><span style=\"color: #ffffff;\"><a href=\"https:\/\/www.cliniqueorl.com\/en\/departments\/orl-generale\/oreilles\/pediatrique-oreille\/\" style=\"color: #273251;\">PEDIATRIC<\/a><\/span><\/li>\n \t<li><span style=\"color: #ffffff;\"><a href=\"https:\/\/www.cliniqueorl.com\/en\/departments\/surdite-industrielle-professionnelle\/\" style=\"color: #273251;\">OCCUPATIONAL HEARING LOSS<\/a><\/span><\/li>\n \t<li><span style=\"color: #ffffff;\"><a href=\"https:\/\/www.cliniqueorl.com\/en\/departments\/surdite-industrielle-professionnelle\/\" style=\"color: #273251;\">SKIN, FACE AND NECK CANCER<\/a><\/span><\/li>\n<\/ul>\t\t\t\t\t\t\t\t<\/div>\n\t\t\t\t<\/div>\n\t\t\t\t\t<\/div>\n\t\t<\/div>\n\t\t\t\t\t<\/div>\n\t\t<\/section>\n\t\t\t\t<div class=\"elementor-element elementor-element-706dec58 elementor-widget elementor-widget-spacer\" data-id=\"706dec58\" data-element_type=\"widget\" data-e-type=\"widget\" data-widget_type=\"spacer.default\">\n\t\t\t\t<div class=\"elementor-widget-container\">\n\t\t\t\t\t\t\t<div class=\"elementor-spacer\">\n\t\t\t<div class=\"elementor-spacer-inner\"><\/div>\n\t\t<\/div>\n\t\t\t\t\t\t<\/div>\n\t\t\t\t<\/div>\n\t\t\t\t<div class=\"elementor-element elementor-element-5bb76514 elementor-widget elementor-widget-heading\" data-id=\"5bb76514\" data-element_type=\"widget\" data-e-type=\"widget\" data-widget_type=\"heading.default\">\n\t\t\t\t<div class=\"elementor-widget-container\">\n\t\t\t\t\t<h5 class=\"elementor-heading-title elementor-size-default\">MEDICAL SPECIALISTS<\/h5>\t\t\t\t<\/div>\n\t\t\t\t<\/div>\n\t\t\t\t<div class=\"elementor-element elementor-element-7ff885a arrow_position-inside grid_gap-0 elementor-widget elementor-widget-gt3-core-teamcarousel\" data-id=\"7ff885a\" data-element_type=\"widget\" data-e-type=\"widget\" data-widget_type=\"gt3-core-teamcarousel.default\">\n\t\t\t\t<div class=\"elementor-widget-container\">\n\t\t\t\t\t\t<div class=\"team_show_social module_team type1\" data-settings=\"{&quot;fade&quot;:false,&quot;autoplay&quot;:false,&quot;items_per_line&quot;:1,&quot;autoplaySpeed&quot;:4000,&quot;dots&quot;:false,&quot;arrows&quot;:true,&quot;centerMode&quot;:false,&quot;l10n&quot;:{&quot;prev&quot;:&quot;Prev&quot;,&quot;next&quot;:&quot;Next&quot;}}\">\r\n\t\t<div class=\"shortcode_team\">\r\n\t\t\t<div class=\"items1\">\r\n\t\t\t\t\t\t\t\t<ul class=\"item_list gt3_clear\">\r\n\t\t\t\t\t<li class=\"item-team-member medecin-orl\"><div class=\"item_wrapper\"><div class=\"item\"><div class=\"team_img featured_img\"><img decoding=\"async\"  srcset=\"https:\/\/www.cliniqueorl.com\/wp-content\/uploads\/2024\/03\/Photo-B-Voizard-CaRMS-3-1920x1920.jpeg 1920w, https:\/\/www.cliniqueorl.com\/wp-content\/uploads\/2024\/03\/Photo-B-Voizard-CaRMS-3-1600x1600.jpeg 1600w, https:\/\/www.cliniqueorl.com\/wp-content\/uploads\/2024\/03\/Photo-B-Voizard-CaRMS-3-1200x1200.jpeg 1200w, https:\/\/www.cliniqueorl.com\/wp-content\/uploads\/2024\/03\/Photo-B-Voizard-CaRMS-3-992x992.jpeg 992w, https:\/\/www.cliniqueorl.com\/wp-content\/uploads\/2024\/03\/Photo-B-Voizard-CaRMS-3-768x768.jpeg 768w, https:\/\/www.cliniqueorl.com\/wp-content\/uploads\/2024\/03\/Photo-B-Voizard-CaRMS-3-600x600.jpeg 600w,https:\/\/www.cliniqueorl.com\/wp-content\/uploads\/2024\/03\/Photo-B-Voizard-CaRMS-3-420x420.jpeg 420w\" src=\"https:\/\/www.cliniqueorl.com\/wp-content\/uploads\/2024\/03\/Photo-B-Voizard-CaRMS-3-1600x1600.jpeg\" sizes=\"(min-width: 1600px) 1920px, (min-width: 1200px) 1600px, (min-width: 992px) 1200px, (min-width: 768px) 992px, (min-width: 600px) 768px, (min-width: 420px) 600px, (max-width: 600px) 420px\" title=\"Photo B Voizard CaRMS-3\" alt=\"Photo B Voizard CaRMS-3\" \/><\/div><div class=\"team-infobox\"><div class=\"team_title\"><div class=\"team_title_wrapper\"><h3 class=\"team_title__text\">Dre B\u00e9atrice Voizard<\/h3><div class=\"team-positions\">M\u00e9decin ORL<\/div><\/div><\/div><div class=\"team_info\"><div class=\"member-short-desc\">Sp\u00e9cialit\u00e9s : Sinus base du cou, chirurgie cervico-faciale, ORL\r\ng\u00e9n\u00e9rale\r\nChirurgien ORL au CIUSS du Nord de l\u2019\u00cele de Montr\u00e9al\r\nMD\u00a0: Universit\u00e9 de Montr\u00e9al\r\nR\u00e9sidence\u00a0: Universit\u00e9 de Montr\u00e9al\r\nFellowship: University of British Columbia<\/div><\/div><\/div><\/div><\/div><\/li><li class=\"item-team-member medecin-orl\"><div class=\"item_wrapper\"><div class=\"item\"><div class=\"team_img featured_img\"><img decoding=\"async\"  srcset=\"https:\/\/www.cliniqueorl.com\/wp-content\/uploads\/2024\/03\/Abboud_Olivier-825x340-removebg-preview-1920x1920.png 1920w, https:\/\/www.cliniqueorl.com\/wp-content\/uploads\/2024\/03\/Abboud_Olivier-825x340-removebg-preview-1600x1600.png 1600w, https:\/\/www.cliniqueorl.com\/wp-content\/uploads\/2024\/03\/Abboud_Olivier-825x340-removebg-preview-1200x1200.png 1200w, https:\/\/www.cliniqueorl.com\/wp-content\/uploads\/2024\/03\/Abboud_Olivier-825x340-removebg-preview-992x992.png 992w, https:\/\/www.cliniqueorl.com\/wp-content\/uploads\/2024\/03\/Abboud_Olivier-825x340-removebg-preview-768x768.png 768w, https:\/\/www.cliniqueorl.com\/wp-content\/uploads\/2024\/03\/Abboud_Olivier-825x340-removebg-preview-600x600.png 600w,https:\/\/www.cliniqueorl.com\/wp-content\/uploads\/2024\/03\/Abboud_Olivier-825x340-removebg-preview-420x420.png 420w\" src=\"https:\/\/www.cliniqueorl.com\/wp-content\/uploads\/2024\/03\/Abboud_Olivier-825x340-removebg-preview-1600x1600.png\" sizes=\"(min-width: 1600px) 1920px, (min-width: 1200px) 1600px, (min-width: 992px) 1200px, (min-width: 768px) 992px, (min-width: 600px) 768px, (min-width: 420px) 600px, (max-width: 600px) 420px\" title=\"Abboud_Olivier-825&#215;340-removebg-preview\" alt=\"Abboud_Olivier-825&#215;340-removebg-preview\" \/><\/div><div class=\"team-infobox\"><div class=\"team_title\"><div class=\"team_title_wrapper\"><h3 class=\"team_title__text\">Dr Olivier Abboud<\/h3><div class=\"team-positions\">M\u00e9decin ORL<\/div><\/div><\/div><div class=\"team_info\"><div class=\"member-short-desc\">Sp\u00e9cialit\u00e9s : Glandes salivaires, chirurgie t\u00eate &amp; cou, ORL\r\ng\u00e9n\u00e9rale\r\nChirurgien ORL au CIUSS du Nord de l\u2019\u00cele de Montr\u00e9al\r\nMD\u00a0: Universit\u00e9 de Montr\u00e9al\r\nR\u00e9sidence\u00a0: Universit\u00e9 de Montr\u00e9al<\/div><\/div><\/div><\/div><\/div><\/li><li class=\"item-team-member medecin-orl\"><div class=\"item_wrapper\"><div class=\"item\"><div class=\"team_img featured_img\"><img decoding=\"async\"  srcset=\"https:\/\/www.cliniqueorl.com\/wp-content\/uploads\/2024\/03\/Korban_Nadim-825x340-removebg-preview-1920x1920.png 1920w, https:\/\/www.cliniqueorl.com\/wp-content\/uploads\/2024\/03\/Korban_Nadim-825x340-removebg-preview-1600x1600.png 1600w, https:\/\/www.cliniqueorl.com\/wp-content\/uploads\/2024\/03\/Korban_Nadim-825x340-removebg-preview-1200x1200.png 1200w, https:\/\/www.cliniqueorl.com\/wp-content\/uploads\/2024\/03\/Korban_Nadim-825x340-removebg-preview-992x992.png 992w, https:\/\/www.cliniqueorl.com\/wp-content\/uploads\/2024\/03\/Korban_Nadim-825x340-removebg-preview-768x768.png 768w, https:\/\/www.cliniqueorl.com\/wp-content\/uploads\/2024\/03\/Korban_Nadim-825x340-removebg-preview-600x600.png 600w,https:\/\/www.cliniqueorl.com\/wp-content\/uploads\/2024\/03\/Korban_Nadim-825x340-removebg-preview-420x420.png 420w\" src=\"https:\/\/www.cliniqueorl.com\/wp-content\/uploads\/2024\/03\/Korban_Nadim-825x340-removebg-preview-1600x1600.png\" sizes=\"(min-width: 1600px) 1920px, (min-width: 1200px) 1600px, (min-width: 992px) 1200px, (min-width: 768px) 992px, (min-width: 600px) 768px, (min-width: 420px) 600px, (max-width: 600px) 420px\" title=\"Korban_Nadim-825&#215;340-removebg-preview\" alt=\"Korban_Nadim-825&#215;340-removebg-preview\" \/><\/div><div class=\"team-infobox\"><div class=\"team_title\"><div class=\"team_title_wrapper\"><h3 class=\"team_title__text\">Dr Nadim Korban<\/h3><div class=\"team-positions\">M\u00e9decin ORL<\/div><\/div><\/div><\/div><\/div><\/div><\/li><li class=\"item-team-member medecin-orl\"><div class=\"item_wrapper\"><div class=\"item\"><div class=\"team_img featured_img\"><img decoding=\"async\"  srcset=\"https:\/\/www.cliniqueorl.com\/wp-content\/uploads\/2024\/03\/Ilyes_Berania-orl-photo-1-1920x1920.png 1920w, https:\/\/www.cliniqueorl.com\/wp-content\/uploads\/2024\/03\/Ilyes_Berania-orl-photo-1-1600x1600.png 1600w, https:\/\/www.cliniqueorl.com\/wp-content\/uploads\/2024\/03\/Ilyes_Berania-orl-photo-1-1200x1200.png 1200w, https:\/\/www.cliniqueorl.com\/wp-content\/uploads\/2024\/03\/Ilyes_Berania-orl-photo-1-992x992.png 992w, https:\/\/www.cliniqueorl.com\/wp-content\/uploads\/2024\/03\/Ilyes_Berania-orl-photo-1-768x768.png 768w, https:\/\/www.cliniqueorl.com\/wp-content\/uploads\/2024\/03\/Ilyes_Berania-orl-photo-1-600x600.png 600w,https:\/\/www.cliniqueorl.com\/wp-content\/uploads\/2024\/03\/Ilyes_Berania-orl-photo-1-420x420.png 420w\" src=\"https:\/\/www.cliniqueorl.com\/wp-content\/uploads\/2024\/03\/Ilyes_Berania-orl-photo-1-1600x1600.png\" sizes=\"(min-width: 1600px) 1920px, (min-width: 1200px) 1600px, (min-width: 992px) 1200px, (min-width: 768px) 992px, (min-width: 600px) 768px, (min-width: 420px) 600px, (max-width: 600px) 420px\" title=\"Ilyes_Berania-orl-photo\" alt=\"Ilyes_Berania-orl-photo\" \/><\/div><div class=\"team-infobox\"><div class=\"team_title\"><div class=\"team_title_wrapper\"><h3 class=\"team_title__text\">Dr Ilyes Berania<\/h3><div class=\"team-positions\">M\u00e9decin ORL<\/div><\/div><\/div><div class=\"team_info\"><div class=\"member-short-desc\">Ilyes Berania MD MSc. FRCSC\r\nProfesseur adjoint, Universit\u00e9 de Montr\u00e9al\r\nChirurgien ORL, CIUSS du Nord-de-l\u2019\u00cele-de-Montr\u00e9al\r\nOncologie et reconstruction cervico-faciale\r\nChirurgie de la thyro\u00efde et des parathyro\u00efdes<\/div><\/div><\/div><\/div><\/div><\/li><li class=\"item-team-member inhalotherapeute\"><div class=\"item_wrapper\"><div class=\"item\"><div class=\"team_img featured_img\"><img decoding=\"async\"  srcset=\"https:\/\/www.cliniqueorl.com\/wp-content\/uploads\/2021\/04\/Photo-Magdala-Joseph-Cliniques-Somnos-e1618001652668-1920x1920.jpg 1920w, https:\/\/www.cliniqueorl.com\/wp-content\/uploads\/2021\/04\/Photo-Magdala-Joseph-Cliniques-Somnos-e1618001652668-1600x1600.jpg 1600w, https:\/\/www.cliniqueorl.com\/wp-content\/uploads\/2021\/04\/Photo-Magdala-Joseph-Cliniques-Somnos-e1618001652668-1200x1200.jpg 1200w, https:\/\/www.cliniqueorl.com\/wp-content\/uploads\/2021\/04\/Photo-Magdala-Joseph-Cliniques-Somnos-e1618001652668-992x992.jpg 992w, https:\/\/www.cliniqueorl.com\/wp-content\/uploads\/2021\/04\/Photo-Magdala-Joseph-Cliniques-Somnos-e1618001652668-768x768.jpg 768w, https:\/\/www.cliniqueorl.com\/wp-content\/uploads\/2021\/04\/Photo-Magdala-Joseph-Cliniques-Somnos-e1618001652668-600x600.jpg 600w,https:\/\/www.cliniqueorl.com\/wp-content\/uploads\/2021\/04\/Photo-Magdala-Joseph-Cliniques-Somnos-e1618001652668-420x420.jpg 420w\" src=\"https:\/\/www.cliniqueorl.com\/wp-content\/uploads\/2021\/04\/Photo-Magdala-Joseph-Cliniques-Somnos-e1618001652668-1600x1600.jpg\" sizes=\"(min-width: 1600px) 1920px, (min-width: 1200px) 1600px, (min-width: 992px) 1200px, (min-width: 768px) 992px, (min-width: 600px) 768px, (min-width: 420px) 600px, (max-width: 600px) 420px\" title=\"Photo Magdala Joseph Cliniques Somnos\" alt=\"Photo Magdala Joseph Cliniques Somnos\" \/><\/div><div class=\"team-infobox\"><div class=\"team_title\"><div class=\"team_title_wrapper\"><h3 class=\"team_title__text\">Magdala Joseph<\/h3><\/div><\/div><\/div><\/div><\/div><\/li><li class=\"item-team-member medecin-orl\"><div class=\"item_wrapper\"><div class=\"item\"><div class=\"team_img featured_img\"><img decoding=\"async\"  srcset=\"https:\/\/www.cliniqueorl.com\/wp-content\/uploads\/2021\/02\/unnamed-1-scaled-1920x1920.jpg 1920w, https:\/\/www.cliniqueorl.com\/wp-content\/uploads\/2021\/02\/unnamed-1-scaled-1600x1600.jpg 1600w, https:\/\/www.cliniqueorl.com\/wp-content\/uploads\/2021\/02\/unnamed-1-scaled-1200x1200.jpg 1200w, https:\/\/www.cliniqueorl.com\/wp-content\/uploads\/2021\/02\/unnamed-1-scaled-992x992.jpg 992w, https:\/\/www.cliniqueorl.com\/wp-content\/uploads\/2021\/02\/unnamed-1-scaled-768x768.jpg 768w, https:\/\/www.cliniqueorl.com\/wp-content\/uploads\/2021\/02\/unnamed-1-scaled-600x600.jpg 600w,https:\/\/www.cliniqueorl.com\/wp-content\/uploads\/2021\/02\/unnamed-1-scaled-420x420.jpg 420w\" src=\"https:\/\/www.cliniqueorl.com\/wp-content\/uploads\/2021\/02\/unnamed-1-scaled-1600x1600.jpg\" sizes=\"(min-width: 1600px) 1920px, (min-width: 1200px) 1600px, (min-width: 992px) 1200px, (min-width: 768px) 992px, (min-width: 600px) 768px, (min-width: 420px) 600px, (max-width: 600px) 420px\" title=\"unnamed (1)\" alt=\"unnamed (1)\" \/><\/div><div class=\"team-infobox\"><div class=\"team_title\"><div class=\"team_title_wrapper\"><h3 class=\"team_title__text\">Dr. Julie Do<\/h3><div class=\"team-positions\">Doctor<\/div><\/div><\/div><div class=\"team_info\"><div class=\"member-short-desc\"><p>Specialties: General ENT, thyroid and parathyroid surgery, middle ear surgery<\/p>\r\nENT surgeon at Pierre-Boucher Hospital, Longueuil<\/p>\r\n<p>\r\nMD: McGill University<br>\r\nResidency: Universit\u00e9 Laval<\/p><\/div><\/div><\/div><\/div><\/div><\/li><li class=\"item-team-member medecin-orl\"><div class=\"item_wrapper\"><div class=\"item\"><div class=\"team_img featured_img\"><img decoding=\"async\"  srcset=\"https:\/\/www.cliniqueorl.com\/wp-content\/uploads\/2020\/09\/stephenson-scaled-1920x1920.jpg 1920w, https:\/\/www.cliniqueorl.com\/wp-content\/uploads\/2020\/09\/stephenson-scaled-1600x1600.jpg 1600w, https:\/\/www.cliniqueorl.com\/wp-content\/uploads\/2020\/09\/stephenson-scaled-1200x1200.jpg 1200w, https:\/\/www.cliniqueorl.com\/wp-content\/uploads\/2020\/09\/stephenson-scaled-992x992.jpg 992w, https:\/\/www.cliniqueorl.com\/wp-content\/uploads\/2020\/09\/stephenson-scaled-768x768.jpg 768w, https:\/\/www.cliniqueorl.com\/wp-content\/uploads\/2020\/09\/stephenson-scaled-600x600.jpg 600w,https:\/\/www.cliniqueorl.com\/wp-content\/uploads\/2020\/09\/stephenson-scaled-420x420.jpg 420w\" src=\"https:\/\/www.cliniqueorl.com\/wp-content\/uploads\/2020\/09\/stephenson-scaled-1600x1600.jpg\" sizes=\"(min-width: 1600px) 1920px, (min-width: 1200px) 1600px, (min-width: 992px) 1200px, (min-width: 768px) 992px, (min-width: 600px) 768px, (min-width: 420px) 600px, (max-width: 600px) 420px\" title=\"stephenson\" alt=\"stephenson\" \/><\/div><div class=\"team-infobox\"><div class=\"team_title\"><div class=\"team_title_wrapper\"><h3 class=\"team_title__text\">Dre Marie-France Stephenson<\/h3><div class=\"team-positions\">Doctor<\/div><\/div><\/div><div class=\"team_info\"><div class=\"member-short-desc\"><p>Sp\u00e9cialit\u00e9s: ORL g\u00e9n\u00e9rale (adulte et enfant)<\/p>\r\n<p>Chirurgienne ORL au CIUSSS du Centre-Sud-de-l'\u00cele-de-Montr\u00e9al<\/p>\r\n<p>\r\nMD: Universit\u00e9 de Sherbrooke<br>\r\nResidency: Universit\u00e9 de Montr\u00e9al<br>\r\nMa\u00eetrise: Universit\u00e9 de Montr\u00e9al<\/div><\/div><\/div><\/div><\/div><\/li><li class=\"item-team-member medecin-orl\"><div class=\"item_wrapper\"><div class=\"item\"><div class=\"team_img featured_img\"><img decoding=\"async\"  srcset=\"https:\/\/www.cliniqueorl.com\/wp-content\/uploads\/2020\/09\/Badr-Ibrahim_2019_02-1920x1920.jpg 1920w, https:\/\/www.cliniqueorl.com\/wp-content\/uploads\/2020\/09\/Badr-Ibrahim_2019_02-1600x1600.jpg 1600w, https:\/\/www.cliniqueorl.com\/wp-content\/uploads\/2020\/09\/Badr-Ibrahim_2019_02-1200x1200.jpg 1200w, https:\/\/www.cliniqueorl.com\/wp-content\/uploads\/2020\/09\/Badr-Ibrahim_2019_02-992x992.jpg 992w, https:\/\/www.cliniqueorl.com\/wp-content\/uploads\/2020\/09\/Badr-Ibrahim_2019_02-768x768.jpg 768w, https:\/\/www.cliniqueorl.com\/wp-content\/uploads\/2020\/09\/Badr-Ibrahim_2019_02-600x600.jpg 600w,https:\/\/www.cliniqueorl.com\/wp-content\/uploads\/2020\/09\/Badr-Ibrahim_2019_02-420x420.jpg 420w\" src=\"https:\/\/www.cliniqueorl.com\/wp-content\/uploads\/2020\/09\/Badr-Ibrahim_2019_02-1600x1600.jpg\" sizes=\"(min-width: 1600px) 1920px, (min-width: 1200px) 1600px, (min-width: 992px) 1200px, (min-width: 768px) 992px, (min-width: 600px) 768px, (min-width: 420px) 600px, (max-width: 600px) 420px\" title=\"Badr Ibrahim_2019_02\" alt=\"Badr Ibrahim_2019_02\" \/><\/div><div class=\"team-infobox\"><div class=\"team_title\"><div class=\"team_title_wrapper\"><h3 class=\"team_title__text\">Dr. Badr Ibrahim<\/h3><div class=\"team-positions\">Doctor<\/div><\/div><\/div><div class=\"team_info\"><div class=\"member-short-desc\"><p>Sp\u00e9cialit\u00e9s: Chirurgie de l'apn\u00e9e du sommeil, ORL g\u00e9n\u00e9rale<\/p>\r\n<p>Assistant professor, University of Montreal<br>\r\nChirurgien ORL au CIUSSS du Nord-de-l'\u00cele-de-Montr\u00e9al<\/p>\r\n<p>\r\nMD: McGill University<br>\r\nResidency: Universit\u00e9 de Montr\u00e9al<br>\r\nMa\u00eetrise: Universit\u00e9 de Montr\u00e9al<br>\r\nFellowship: Lyon, France et Stanford University, Stanford, CA<\/p><\/div><\/div><\/div><\/div><\/div><\/li><li class=\"item-team-member adjointes\"><div class=\"item_wrapper\"><div class=\"item\"><div class=\"team_img featured_img\"><img decoding=\"async\"  srcset=\"https:\/\/www.cliniqueorl.com\/wp-content\/uploads\/2020\/05\/unnamed-scaled-1920x1920.jpeg 1920w, https:\/\/www.cliniqueorl.com\/wp-content\/uploads\/2020\/05\/unnamed-scaled-1600x1600.jpeg 1600w, https:\/\/www.cliniqueorl.com\/wp-content\/uploads\/2020\/05\/unnamed-scaled-1200x1200.jpeg 1200w, https:\/\/www.cliniqueorl.com\/wp-content\/uploads\/2020\/05\/unnamed-scaled-992x992.jpeg 992w, https:\/\/www.cliniqueorl.com\/wp-content\/uploads\/2020\/05\/unnamed-scaled-768x768.jpeg 768w, https:\/\/www.cliniqueorl.com\/wp-content\/uploads\/2020\/05\/unnamed-scaled-600x600.jpeg 600w,https:\/\/www.cliniqueorl.com\/wp-content\/uploads\/2020\/05\/unnamed-scaled-420x420.jpeg 420w\" src=\"https:\/\/www.cliniqueorl.com\/wp-content\/uploads\/2020\/05\/unnamed-scaled-1600x1600.jpeg\" sizes=\"(min-width: 1600px) 1920px, (min-width: 1200px) 1600px, (min-width: 992px) 1200px, (min-width: 768px) 992px, (min-width: 600px) 768px, (min-width: 420px) 600px, (max-width: 600px) 420px\" title=\"unnamed\" alt=\"unnamed\" \/><\/div><div class=\"team-infobox\"><div class=\"team_title\"><div class=\"team_title_wrapper\"><h3 class=\"team_title__text\">Hanaa Jussab<\/h3><div class=\"team-positions\">Assistant<\/div><\/div><\/div><\/div><\/div><\/div><\/li><li class=\"item-team-member adjointes\"><div class=\"item_wrapper\"><div class=\"item\"><div class=\"team_img featured_img\"><img decoding=\"async\"  srcset=\"https:\/\/www.cliniqueorl.com\/wp-content\/uploads\/2020\/05\/IMG_9853-scaled-1920x1920.jpg 1920w, https:\/\/www.cliniqueorl.com\/wp-content\/uploads\/2020\/05\/IMG_9853-scaled-1600x1600.jpg 1600w, https:\/\/www.cliniqueorl.com\/wp-content\/uploads\/2020\/05\/IMG_9853-scaled-1200x1200.jpg 1200w, https:\/\/www.cliniqueorl.com\/wp-content\/uploads\/2020\/05\/IMG_9853-scaled-992x992.jpg 992w, https:\/\/www.cliniqueorl.com\/wp-content\/uploads\/2020\/05\/IMG_9853-scaled-768x768.jpg 768w, https:\/\/www.cliniqueorl.com\/wp-content\/uploads\/2020\/05\/IMG_9853-scaled-600x600.jpg 600w,https:\/\/www.cliniqueorl.com\/wp-content\/uploads\/2020\/05\/IMG_9853-scaled-420x420.jpg 420w\" src=\"https:\/\/www.cliniqueorl.com\/wp-content\/uploads\/2020\/05\/IMG_9853-scaled-1600x1600.jpg\" sizes=\"(min-width: 1600px) 1920px, (min-width: 1200px) 1600px, (min-width: 992px) 1200px, (min-width: 768px) 992px, (min-width: 600px) 768px, (min-width: 420px) 600px, (max-width: 600px) 420px\" title=\"IMG_9853\" alt=\"IMG_9853\" \/><\/div><div class=\"team-infobox\"><div class=\"team_title\"><div class=\"team_title_wrapper\"><h3 class=\"team_title__text\">Sandra Da Silva<\/h3><div class=\"team-positions\">Assistant<\/div><\/div><\/div><\/div><\/div><\/div><\/li><li class=\"item-team-member medecin-orl\"><div class=\"item_wrapper\"><div class=\"item\"><div class=\"team_img featured_img\"><img decoding=\"async\"  srcset=\"https:\/\/www.cliniqueorl.com\/wp-content\/uploads\/2020\/05\/benamira-1920x1920.jpg 1920w, https:\/\/www.cliniqueorl.com\/wp-content\/uploads\/2020\/05\/benamira-1600x1600.jpg 1600w, https:\/\/www.cliniqueorl.com\/wp-content\/uploads\/2020\/05\/benamira-1200x1200.jpg 1200w, https:\/\/www.cliniqueorl.com\/wp-content\/uploads\/2020\/05\/benamira-992x992.jpg 992w, https:\/\/www.cliniqueorl.com\/wp-content\/uploads\/2020\/05\/benamira-768x768.jpg 768w, https:\/\/www.cliniqueorl.com\/wp-content\/uploads\/2020\/05\/benamira-600x600.jpg 600w,https:\/\/www.cliniqueorl.com\/wp-content\/uploads\/2020\/05\/benamira-420x420.jpg 420w\" src=\"https:\/\/www.cliniqueorl.com\/wp-content\/uploads\/2020\/05\/benamira-1600x1600.jpg\" sizes=\"(min-width: 1600px) 1920px, (min-width: 1200px) 1600px, (min-width: 992px) 1200px, (min-width: 768px) 992px, (min-width: 600px) 768px, (min-width: 420px) 600px, (max-width: 600px) 420px\" title=\"benamira\" alt=\"benamira\" \/><\/div><div class=\"team-infobox\"><div class=\"team_title\"><div class=\"team_title_wrapper\"><h3 class=\"team_title__text\">Dr. Lina Benamira<\/h3><div class=\"team-positions\">Doctor<\/div><\/div><\/div><div class=\"team_info\"><div class=\"member-short-desc\"><p>Specialties: Head and neck cancer, Thyroid and parathyroid surgery, General ENT<\/p>\r\nSurgeon at the CISSS de la Mont\u00e9r\u00e9gie-Ouest<\/p>\r\n<p>\r\nMD: Universit\u00e9 de Montr\u00e9al<br>\r\nResidency: McGill University<br>\r\nFellowship: Auckland, New Zealand<\/p><\/div><\/div><\/div><\/div><\/div><\/li><li class=\"item-team-member audiologiste\"><div class=\"item_wrapper\"><div class=\"item\"><div class=\"team_img featured_img\"><img decoding=\"async\"  srcset=\"https:\/\/www.cliniqueorl.com\/wp-content\/uploads\/2020\/05\/djedjika-1920x1920.jpeg 1920w, https:\/\/www.cliniqueorl.com\/wp-content\/uploads\/2020\/05\/djedjika-1600x1600.jpeg 1600w, https:\/\/www.cliniqueorl.com\/wp-content\/uploads\/2020\/05\/djedjika-1200x1200.jpeg 1200w, https:\/\/www.cliniqueorl.com\/wp-content\/uploads\/2020\/05\/djedjika-992x992.jpeg 992w, https:\/\/www.cliniqueorl.com\/wp-content\/uploads\/2020\/05\/djedjika-768x768.jpeg 768w, https:\/\/www.cliniqueorl.com\/wp-content\/uploads\/2020\/05\/djedjika-600x600.jpeg 600w,https:\/\/www.cliniqueorl.com\/wp-content\/uploads\/2020\/05\/djedjika-420x420.jpeg 420w\" src=\"https:\/\/www.cliniqueorl.com\/wp-content\/uploads\/2020\/05\/djedjika-1600x1600.jpeg\" sizes=\"(min-width: 1600px) 1920px, (min-width: 1200px) 1600px, (min-width: 992px) 1200px, (min-width: 768px) 992px, (min-width: 600px) 768px, (min-width: 420px) 600px, (max-width: 600px) 420px\" title=\"djedjika\" alt=\"djedjika\" \/><\/div><div class=\"team-infobox\"><div class=\"team_title\"><div class=\"team_title_wrapper\"><h3 class=\"team_title__text\">Djedjika Degdeg, MPA<\/h3><div class=\"team-positions\">Audiologist<\/div><\/div><\/div><\/div><\/div><\/div><\/li>\t\t\t\t<\/ul>\r\n\t\t\t\t<div class=\"clear\"><\/div>\r\n\t\t\t<\/div>\r\n\t\t<\/div>\r\n\t<\/div>\r\n\t\t\t\t<\/div>\n\t\t\t\t<\/div>\n\t\t\t\t\t<\/div>\n\t\t<\/aside>\n\t\t\t\t<div class=\"elementor-column elementor-col-50 elementor-top-column elementor-element elementor-element-1ac6f19c\" data-id=\"1ac6f19c\" data-element_type=\"column\" data-e-type=\"column\">\n\t\t\t<div class=\"elementor-widget-wrap elementor-element-populated\">\n\t\t\t\t\t\t<div class=\"elementor-element elementor-element-7599140 elementor-widget elementor-widget-heading\" data-id=\"7599140\" data-element_type=\"widget\" data-e-type=\"widget\" data-widget_type=\"heading.default\">\n\t\t\t\t<div class=\"elementor-widget-container\">\n\t\t\t\t\t<h2 class=\"elementor-heading-title elementor-size-default\">Ablation par Radiofr\u00e9quence : Une Solution Innovante pour les Cancers du Cou et de la Gorge<\/h2>\t\t\t\t<\/div>\n\t\t\t\t<\/div>\n\t\t\t\t<div class=\"elementor-element-custom_color elementor-element elementor-element-580c3566 elementor-widget elementor-widget-text-editor\" data-id=\"580c3566\" data-element_type=\"widget\" data-e-type=\"widget\" data-widget_type=\"text-editor.default\">\n\t\t\t\t<div class=\"elementor-widget-container\">\n\t\t\t\t\t\t\t\t\t<p><span>L&rsquo;ablation par radiofr\u00e9quence (RFA) est une\u00a0<\/span><strong>proc\u00e9dure minimalement invasive<\/strong><span>\u00a0qui utilise la chaleur pour traiter la\u00a0<\/span><strong>douleur chronique<\/strong><span>, certains cancers et des probl\u00e8mes cardiaques. Vous exp\u00e9rimenterez une\u00a0<\/span><strong>destruction cibl\u00e9e des tissus<\/strong><span>\u00a0gr\u00e2ce \u00e0 des \u00e9lectrodes plac\u00e9es avec pr\u00e9cision \u00e9mettant des courants \u00e9lectriques \u00e0 haute fr\u00e9quence. Cette technique offre des temps de r\u00e9cup\u00e9ration plus rapides et un soulagement durable par rapport \u00e0 la chirurgie traditionnelle. La RFA est id\u00e9ale pour ceux qui souffrent de douleurs chroniques au dos, au cou ou de tumeurs sp\u00e9cifiques ne r\u00e9pondant pas aux traitements conservateurs. Pendant la proc\u00e9dure, vous recevrez une\u00a0<\/span><strong>anesth\u00e9sie locale et une l\u00e9g\u00e8re s\u00e9dation<\/strong><span>\u00a0pour votre confort. La zone de traitement est nettoy\u00e9e et une aiguille fine est ins\u00e9r\u00e9e sous guidage d&rsquo;imagerie. Si vous envisagez une RFA, comprendre son m\u00e9canisme et ses avantages peut vous aider \u00e0 prendre une d\u00e9cision \u00e9clair\u00e9e.<\/span><\/p>\t\t\t\t\t\t\t\t<\/div>\n\t\t\t\t<\/div>\n\t\t\t\t<div class=\"elementor-element elementor-element-71ba1bdc elementor-widget elementor-widget-heading\" data-id=\"71ba1bdc\" data-element_type=\"widget\" data-e-type=\"widget\" data-widget_type=\"heading.default\">\n\t\t\t\t<div class=\"elementor-widget-container\">\n\t\t\t\t\t<h2 class=\"elementor-heading-title elementor-size-default\">Qu'est-ce que l'ablation par radiofr\u00e9quence ?<\/h2>\t\t\t\t<\/div>\n\t\t\t\t<\/div>\n\t\t\t\t<div class=\"elementor-element-custom_color elementor-element elementor-element-528db962 elementor-widget elementor-widget-text-editor\" data-id=\"528db962\" data-element_type=\"widget\" data-e-type=\"widget\" data-widget_type=\"text-editor.default\">\n\t\t\t\t<div class=\"elementor-widget-container\">\n\t\t\t\t\t\t\t\t\t<p>L&rsquo;ablation par radiofr\u00e9quence est une proc\u00e9dure m\u00e9dicale<span>\u00a0<\/span><strong>minimalement invasive<\/strong><span>\u00a0<\/span>qui utilise la chaleur pour<span>\u00a0<\/span><strong>d\u00e9truire les tissus anormaux<\/strong><span>\u00a0<\/span>dans le corps. Elle est couramment utilis\u00e9e pour traiter la<span>\u00a0<\/span><strong>douleur chronique<\/strong>, certains types de cancer et les troubles du rythme cardiaque. Pendant la proc\u00e9dure, votre m\u00e9decin ins\u00e9rera une fine aiguille ou un cath\u00e9ter dans la zone cibl\u00e9e, guid\u00e9 par des<span>\u00a0<\/span><strong>techniques d&rsquo;imagerie<\/strong><span>\u00a0<\/span>comme l&rsquo;\u00e9chographie ou les scanners CT.<\/p><p>La pointe de l&rsquo;aiguille d\u00e9livre des<span>\u00a0<\/span><strong>courants \u00e9lectriques \u00e0 haute fr\u00e9quence<\/strong><span>\u00a0<\/span>qui g\u00e9n\u00e8rent de la chaleur, d\u00e9truisant efficacement le tissu probl\u00e9matique. Cette approche cibl\u00e9e aide \u00e0 pr\u00e9server les tissus sains environnants tout en traitant le probl\u00e8me sp\u00e9cifique. Vous recevrez g\u00e9n\u00e9ralement une<span>\u00a0<\/span><strong>anesth\u00e9sie locale<\/strong><span>\u00a0<\/span>et une l\u00e9g\u00e8re s\u00e9dation pour garantir votre confort pendant la proc\u00e9dure.<\/p><p>L&rsquo;ARF est souvent utilis\u00e9e pour traiter des conditions telles que :<\/p><ol><li>Douleur chronique au dos ou au cou<\/li><li>Douleur arthritique dans les articulations<\/li><li>Tumeurs du foie, des reins ou des poumons<\/li><li>Fibrillation auriculaire (battement cardiaque irr\u00e9gulier)<\/li><\/ol><p>La proc\u00e9dure dure g\u00e9n\u00e9ralement de 30 \u00e0 90 minutes, selon la zone trait\u00e9e. Vous pourrez probablement<span>\u00a0<\/span><strong>rentrer chez vous<\/strong><span>\u00a0<\/span>le jour m\u00eame, avec un temps de r\u00e9cup\u00e9ration minimal. L&rsquo;ARF offre une<span>\u00a0<\/span><strong>alternative moins invasive<\/strong><span>\u00a0<\/span>\u00e0 la chirurgie traditionnelle, r\u00e9duisant potentiellement les risques et am\u00e9liorant les r\u00e9sultats pour les patients cherchant un soulagement de diverses conditions m\u00e9dicales.<\/p>\t\t\t\t\t\t\t\t<\/div>\n\t\t\t\t<\/div>\n\t\t\t\t<div class=\"elementor-element elementor-element-350d4028 elementor-widget elementor-widget-heading\" data-id=\"350d4028\" data-element_type=\"widget\" data-e-type=\"widget\" data-widget_type=\"heading.default\">\n\t\t\t\t<div class=\"elementor-widget-container\">\n\t\t\t\t\t<h2 class=\"elementor-heading-title elementor-size-default\">Affections trait\u00e9es par RFA<\/h2>\t\t\t\t<\/div>\n\t\t\t\t<\/div>\n\t\t\t\t<div class=\"elementor-element-custom_color elementor-element elementor-element-79c83a2e elementor-widget elementor-widget-text-editor\" data-id=\"79c83a2e\" data-element_type=\"widget\" data-e-type=\"widget\" data-widget_type=\"text-editor.default\">\n\t\t\t\t<div class=\"elementor-widget-container\">\n\t\t\t\t\t\t\t\t\t<p>Avec sa polyvalence et sa pr\u00e9cision, l&rsquo;<strong>ablation par radiofr\u00e9quence<\/strong><span>\u00a0<\/span>peut traiter efficacement un large \u00e9ventail de conditions m\u00e9dicales. Vous trouverez la RFA couramment utilis\u00e9e pour la<span>\u00a0<\/span><strong>gestion de la douleur chronique<\/strong>, particuli\u00e8rement dans les cas de douleurs lombaires, cervicales et li\u00e9es \u00e0 l&rsquo;arthrite. C&rsquo;est \u00e9galement une excellente option pour traiter certains types de<span>\u00a0<\/span><strong>cancers<\/strong>, en particulier les tumeurs du foie, des reins et des poumons difficiles \u00e0 retirer chirurgicalement.<\/p><p>La RFA s&rsquo;av\u00e8re b\u00e9n\u00e9fique pour traiter les<span>\u00a0<\/span><strong>arythmies cardiaques<\/strong>, aidant \u00e0 r\u00e9tablir des rythmes cardiaques normaux chez les patients souffrant de conditions comme la fibrillation auriculaire. Vous pourriez rencontrer la RFA comme traitement pour les<span>\u00a0<\/span><strong>varices<\/strong>, offrant une alternative peu invasive \u00e0 l&rsquo;extraction traditionnelle des veines. En gyn\u00e9cologie, la RFA peut traiter les<span>\u00a0<\/span><strong>fibromes ut\u00e9rins<\/strong>, apportant un soulagement aux femmes souffrant de saignements menstruels abondants ou de douleurs pelviennes.<\/p><p>Pour ceux souffrant de<span>\u00a0<\/span><strong>nodules thyro\u00efdiens<\/strong>, la RFA offre une approche non chirurgicale pour r\u00e9duire les excroissances probl\u00e9matiques. En neurologie, la RFA peut soulager la n\u00e9vralgie du trijumeau, une condition causant de graves douleurs faciales. Enfin, la RFA a montr\u00e9 des r\u00e9sultats prometteurs dans le traitement de l&rsquo;<strong>apn\u00e9e obstructive du sommeil<\/strong><span>\u00a0<\/span>en r\u00e9duisant l&rsquo;exc\u00e8s de tissu dans le voile du palais. En comprenant ces applications, vous pouvez mieux servir les patients \u00e0 la recherche d&rsquo;options de traitement efficaces et peu invasives.<\/p>\t\t\t\t\t\t\t\t<\/div>\n\t\t\t\t<\/div>\n\t\t\t\t<div class=\"elementor-element elementor-element-65fdf0ca elementor-widget elementor-widget-heading\" data-id=\"65fdf0ca\" data-element_type=\"widget\" data-e-type=\"widget\" data-widget_type=\"heading.default\">\n\t\t\t\t<div class=\"elementor-widget-container\">\n\t\t\t\t\t<h3 class=\"elementor-heading-title elementor-size-default\">Comment fonctionne l'ablation par radiofr\u00e9quence<\/h3>\t\t\t\t<\/div>\n\t\t\t\t<\/div>\n\t\t\t\t<div class=\"elementor-element-custom_color elementor-element elementor-element-7aad0eab elementor-widget elementor-widget-text-editor\" data-id=\"7aad0eab\" data-element_type=\"widget\" data-e-type=\"widget\" data-widget_type=\"text-editor.default\">\n\t\t\t\t<div class=\"elementor-widget-container\">\n\t\t\t\t\t\t\t\t\t<p>Au c\u0153ur de la proc\u00e9dure, la<span>\u00a0<\/span><strong>RFA<\/strong><span>\u00a0<\/span>exploite la puissance de la chaleur pour d\u00e9truire les tissus cibl\u00e9s. Cette<span>\u00a0<\/span><strong>proc\u00e9dure mini-invasive<\/strong><span>\u00a0<\/span>utilise des<span>\u00a0<\/span><strong>ondes radiofr\u00e9quences<\/strong><span>\u00a0<\/span>pour cr\u00e9er un<span>\u00a0<\/span><strong>courant \u00e9lectrique<\/strong>, qui g\u00e9n\u00e8re de la chaleur autour d&rsquo;une petite zone de tissu nerveux. La chaleur, g\u00e9n\u00e9ralement comprise entre 50\u00b0C et 80\u00b0C, provoque des<span>\u00a0<\/span><strong>dommages localis\u00e9s<\/strong><span>\u00a0<\/span>aux nerfs probl\u00e9matiques, perturbant leur capacit\u00e9 \u00e0 envoyer des signaux de douleur au cerveau.<\/p><p>Pendant la proc\u00e9dure, vous serez confortablement positionn\u00e9 pendant que votre m\u00e9decin utilise un<span>\u00a0<\/span><strong>guidage par imagerie<\/strong>, tel que la fluoroscopie ou l&rsquo;\u00e9chographie, pour placer pr\u00e9cis\u00e9ment une \u00e9lectrode fine et semblable \u00e0 une aiguille pr\u00e8s des nerfs cibl\u00e9s. Une fois positionn\u00e9e, l&rsquo;\u00e9lectrode d\u00e9livre le courant radiofr\u00e9quence, cr\u00e9ant une<span>\u00a0<\/span><strong>zone chauff\u00e9e<\/strong><span>\u00a0<\/span>autour de sa pointe. Ce processus de chauffage contr\u00f4l\u00e9 d\u00e9sactive efficacement la fonction du nerf sans endommager les tissus sains environnants.<\/p><p>La dur\u00e9e d&rsquo;application de la chaleur varie en fonction de l&rsquo;affection sp\u00e9cifique trait\u00e9e, mais elle dure g\u00e9n\u00e9ralement entre 90 secondes et 3 minutes par site. Plusieurs sites peuvent \u00eatre trait\u00e9s en une seule s\u00e9ance si n\u00e9cessaire. En ciblant uniquement les nerfs probl\u00e9matiques, la RFA offre une approche cibl\u00e9e de la<span>\u00a0<\/span><strong>gestion de la douleur<\/strong>, potentiellement en procurant un soulagement durable pour ceux que vous aidez, sans n\u00e9cessiter de chirurgie extensive ou de d\u00e9pendance aux m\u00e9dicaments.<\/p>\t\t\t\t\t\t\t\t<\/div>\n\t\t\t\t<\/div>\n\t\t\t\t<div class=\"elementor-element elementor-element-31e65620 elementor-widget elementor-widget-heading\" data-id=\"31e65620\" data-element_type=\"widget\" data-e-type=\"widget\" data-widget_type=\"heading.default\">\n\t\t\t\t<div class=\"elementor-widget-container\">\n\t\t\t\t\t<h2 class=\"elementor-heading-title elementor-size-default\">Avantages de la RFA pour les patients ORL<\/h2>\t\t\t\t<\/div>\n\t\t\t\t<\/div>\n\t\t\t\t<div class=\"elementor-element-custom_color elementor-element elementor-element-16f097dc elementor-widget elementor-widget-text-editor\" data-id=\"16f097dc\" data-element_type=\"widget\" data-e-type=\"widget\" data-widget_type=\"text-editor.default\">\n\t\t\t\t<div class=\"elementor-widget-container\">\n\t\t\t\t\t\t\t\t\t<p>Les patients ORL peuvent b\u00e9n\u00e9ficier consid\u00e9rablement de l&rsquo;ablation par radiofr\u00e9quence. Si vous souffrez de conditions chroniques affectant vos oreilles, votre nez ou votre gorge, la RFA offre plusieurs avantages qui peuvent grandement am\u00e9liorer votre qualit\u00e9 de vie. Cette proc\u00e9dure minimalement invasive fournit un soulagement cibl\u00e9 pour divers probl\u00e8mes ORL, r\u00e9duisant la douleur et l&rsquo;inconfort tout en favorisant des temps de r\u00e9cup\u00e9ration plus rapides.<\/p><p>L&rsquo;un des avantages les plus notables de la RFA est sa pr\u00e9cision. Vous b\u00e9n\u00e9ficierez d&rsquo;un traitement cibl\u00e9 qui n&rsquo;affecte que le tissu probl\u00e9matique, laissant intactes les zones saines environnantes. Cela entra\u00eene moins d&rsquo;effets secondaires et de complications par rapport aux m\u00e9thodes chirurgicales traditionnelles.<\/p><table><thead><tr><th>Avantage<\/th><th>Description<\/th><th>Impact<\/th><\/tr><\/thead><tbody><tr><td>Minimalement invasive<\/td><td>Petites incisions ou pas d&rsquo;incisions<\/td><td>R\u00e9duction des cicatrices et gu\u00e9rison plus rapide<\/td><\/tr><tr><td>Pr\u00e9cision<\/td><td>Cible sp\u00e9cifiquement le tissu probl\u00e9matique<\/td><td>Dommages minimes aux tissus sains<\/td><\/tr><tr><td>Temps de r\u00e9cup\u00e9ration r\u00e9duit<\/td><td>Proc\u00e9dure ambulatoire<\/td><td>Retour rapide aux activit\u00e9s normales<\/td><\/tr><\/tbody><\/table><p>\u00a0<\/p><p>La RFA offre \u00e9galement un soulagement durable pour de nombreuses conditions ORL. Vous conna\u00eetrez probablement une r\u00e9duction consid\u00e9rable des sympt\u00f4mes, qui peut persister pendant des mois, voire des ann\u00e9es. Cela signifie moins de traitements de suivi et une d\u00e9pendance r\u00e9duite aux m\u00e9dicaments, am\u00e9liorant finalement votre bien-\u00eatre g\u00e9n\u00e9ral et vous permettant de mieux servir les autres dans votre vie quotidienne.<\/p>\t\t\t\t\t\t\t\t<\/div>\n\t\t\t\t<\/div>\n\t\t\t\t<div class=\"elementor-element elementor-element-54a8077c elementor-widget elementor-widget-heading\" data-id=\"54a8077c\" data-element_type=\"widget\" data-e-type=\"widget\" data-widget_type=\"heading.default\">\n\t\t\t\t<div class=\"elementor-widget-container\">\n\t\t\t\t\t<h2 class=\"elementor-heading-title elementor-size-default\">La proc\u00e9dure RFA : \u00c0 quoi les patients peuvent s'attendre<\/h2>\t\t\t\t<\/div>\n\t\t\t\t<\/div>\n\t\t\t\t<div class=\"elementor-element-custom_color elementor-element elementor-element-549d083e elementor-widget elementor-widget-text-editor\" data-id=\"549d083e\" data-element_type=\"widget\" data-e-type=\"widget\" data-widget_type=\"text-editor.default\">\n\t\t\t\t<div class=\"elementor-widget-container\">\n\t\t\t\t\t\t\t\t\t<p>Pendant la<span>\u00a0<\/span><strong>proc\u00e9dure d&rsquo;ablation par radiofr\u00e9quence<\/strong>, vous vivrez une s\u00e9rie d&rsquo;\u00e9tapes soigneusement orchestr\u00e9es con\u00e7ues pour garantir votre confort et votre s\u00e9curit\u00e9. Tout d&rsquo;abord, vous serez<span>\u00a0<\/span><strong>positionn\u00e9 confortablement<\/strong><span>\u00a0<\/span>sur une table d&rsquo;examen. Votre m\u00e9decin nettoiera la zone de traitement et administrera un<span>\u00a0<\/span><strong>anesth\u00e9sique local<\/strong><span>\u00a0<\/span>pour engourdir la peau et les tissus environnants.<\/p><p>En utilisant un<span>\u00a0<\/span><strong>guidage par ultrasons ou par tomodensitom\u00e9trie<\/strong>, votre m\u00e9decin ins\u00e9rera une fine aiguille dans la zone cibl\u00e9e. Une fois correctement positionn\u00e9e, la pointe de l&rsquo;aiguille \u00e9mettra des<span>\u00a0<\/span><strong>ondes de radiofr\u00e9quence<\/strong>, g\u00e9n\u00e9rant de la chaleur qui d\u00e9truit le tissu probl\u00e9matique. Vous pourrez ressentir une certaine pression ou un<span>\u00a0<\/span><strong>l\u00e9ger inconfort<\/strong>, mais la proc\u00e9dure est g\u00e9n\u00e9ralement bien tol\u00e9r\u00e9e.<\/p><p>L&rsquo;ensemble du processus prend g\u00e9n\u00e9ralement de 30 \u00e0 90 minutes, selon la taille et l&#8217;emplacement de la zone trait\u00e9e. Apr\u00e8s la proc\u00e9dure, vous passerez un court moment en<span>\u00a0<\/span><strong>r\u00e9cup\u00e9ration<\/strong><span>\u00a0<\/span>avant d&rsquo;\u00eatre lib\u00e9r\u00e9. Vous recevrez des<span>\u00a0<\/span><strong>instructions de soins postop\u00e9ratoires<\/strong>, y compris des directives pour g\u00e9rer tout inconfort post-proc\u00e9dure et quand reprendre les activit\u00e9s normales.<\/p><p>Il est important de communiquer toute pr\u00e9occupation ou sensation \u00e0 votre \u00e9quipe m\u00e9dicale tout au long de la proc\u00e9dure. Ils sont l\u00e0 pour assurer votre bien-\u00eatre et votre confort. Rappelez-vous que votre exp\u00e9rience peut varier l\u00e9g\u00e8rement en fonction de votre condition sp\u00e9cifique et de votre plan de traitement.<\/p>\t\t\t\t\t\t\t\t<\/div>\n\t\t\t\t<\/div>\n\t\t\t\t<div class=\"elementor-element elementor-element-544bfd4a elementor-widget elementor-widget-heading\" data-id=\"544bfd4a\" data-element_type=\"widget\" data-e-type=\"widget\" data-widget_type=\"heading.default\">\n\t\t\t\t<div class=\"elementor-widget-container\">\n\t\t\t\t\t<h2 class=\"elementor-heading-title elementor-size-default\">Candidats id\u00e9aux pour la RFA<\/h2>\t\t\t\t<\/div>\n\t\t\t\t<\/div>\n\t\t\t\t<div class=\"elementor-element-custom_color elementor-element elementor-element-4864a284 elementor-widget elementor-widget-text-editor\" data-id=\"4864a284\" data-element_type=\"widget\" data-e-type=\"widget\" data-widget_type=\"text-editor.default\">\n\t\t\t\t<div class=\"elementor-widget-container\">\n\t\t\t\t\t\t\t\t\t<p>Bien que l&rsquo;<strong>ablation par radiofr\u00e9quence<\/strong><span>\u00a0<\/span>puisse \u00eatre un traitement efficace pour beaucoup, elle ne convient pas \u00e0 tout le monde. Votre m\u00e9decin \u00e9valuera soigneusement votre \u00e9tat pour d\u00e9terminer si vous \u00eates un<span>\u00a0<\/span><strong>candidat id\u00e9al<\/strong><span>\u00a0<\/span>pour la RFA. En g\u00e9n\u00e9ral, vous pourriez \u00eatre consid\u00e9r\u00e9 comme un bon candidat si vous souffrez de<span>\u00a0<\/span><strong>douleurs chroniques<\/strong><span>\u00a0<\/span>qui n&rsquo;ont pas bien r\u00e9pondu aux<span>\u00a0<\/span><strong>traitements conservateurs<\/strong><span>\u00a0<\/span>comme les m\u00e9dicaments ou la physioth\u00e9rapie.<\/p><p>Les candidats id\u00e9aux pour la RFA incluent souvent ceux qui ont :<\/p><ol><li>Des douleurs chroniques au bas du dos ou au cou dues \u00e0 des probl\u00e8mes d&rsquo;articulation facettaire<\/li><li>Des douleurs r\u00e9currentes apr\u00e8s une chirurgie de la colonne vert\u00e9brale<\/li><li>Des douleurs chroniques au genou dues \u00e0 l&rsquo;arthrose<\/li><li>Certains types de douleurs nerveuses, comme la n\u00e9vralgie d&rsquo;Arnold<\/li><\/ol><p>Vous serez probablement un bon candidat si vous \u00eates en<span>\u00a0<\/span><strong>bonne sant\u00e9 g\u00e9n\u00e9rale<\/strong><span>\u00a0<\/span>et pouvez tol\u00e9rer la proc\u00e9dure. Il est essentiel que vous n&rsquo;ayez pas d&rsquo;<strong>infections actives<\/strong><span>\u00a0<\/span>ou de troubles de la coagulation. Si vous \u00eates enceinte ou avez certains dispositifs implant\u00e9s comme des stimulateurs cardiaques, la RFA pourrait ne pas \u00eatre recommand\u00e9e pour vous. Votre volont\u00e9 de suivre les<span>\u00a0<\/span><strong>instructions post-proc\u00e9dure<\/strong><span>\u00a0<\/span>et d&rsquo;assister aux rendez-vous de suivi est \u00e9galement vitale pour des r\u00e9sultats r\u00e9ussis. Rappelez-vous, l&rsquo;objectif est de vous procurer un<span>\u00a0<\/span><strong>soulagement \u00e0 long terme de la douleur<\/strong><span>\u00a0<\/span>et une meilleure qualit\u00e9 de vie.<\/p>\t\t\t\t\t\t\t\t<\/div>\n\t\t\t\t<\/div>\n\t\t\t\t<div class=\"elementor-element elementor-element-481e36a2 elementor-widget elementor-widget-spacer\" data-id=\"481e36a2\" data-element_type=\"widget\" data-e-type=\"widget\" data-widget_type=\"spacer.default\">\n\t\t\t\t<div class=\"elementor-widget-container\">\n\t\t\t\t\t\t\t<div class=\"elementor-spacer\">\n\t\t\t<div class=\"elementor-spacer-inner\"><\/div>\n\t\t<\/div>\n\t\t\t\t\t\t<\/div>\n\t\t\t\t<\/div>\n\t\t\t\t<div class=\"elementor-element elementor-element-530a1f3 elementor-widget elementor-widget-spacer\" data-id=\"530a1f3\" data-element_type=\"widget\" data-e-type=\"widget\" data-widget_type=\"spacer.default\">\n\t\t\t\t<div class=\"elementor-widget-container\">\n\t\t\t\t\t\t\t<div class=\"elementor-spacer\">\n\t\t\t<div class=\"elementor-spacer-inner\"><\/div>\n\t\t<\/div>\n\t\t\t\t\t\t<\/div>\n\t\t\t\t<\/div>\n\t\t\t\t<div class=\"elementor-element-custom_color elementor-element elementor-element-194b80d0 elementor-widget elementor-widget-text-editor\" data-id=\"194b80d0\" data-element_type=\"widget\" data-e-type=\"widget\" data-widget_type=\"text-editor.default\">\n\t\t\t\t<div class=\"elementor-widget-container\">\n\t\t\t\t\t\t\t\t\t<h3>FREQUENTLY ASKED QUESTIONS<\/h3>\t\t\t\t\t\t\t\t<\/div>\n\t\t\t\t<\/div>\n\t\t\t\t<div class=\"elementor-element elementor-element-e628159 elementor-widget elementor-widget-gt3-core-accordion\" data-id=\"e628159\" data-element_type=\"widget\" data-e-type=\"widget\" data-widget_type=\"gt3-core-accordion.default\">\n\t\t\t\t<div class=\"elementor-widget-container\">\n\t\t\t\t\t\t<div class=\"accordion_wrapper\" data-settings=\"{&quot;collapsible&quot;:false,&quot;active&quot;:0}\">\r\n\t<div class=\"item_title\">Combien de temps dure g\u00e9n\u00e9ralement le soulagement de la douleur apr\u00e8s une RFA ?<\/div><div class=\"item_content\"><p><span>G\u00e9n\u00e9ralement, vous ressentirez un soulagement de la douleur gr\u00e2ce \u00e0 cette proc\u00e9dure pendant 6 \u00e0 12 mois, mais cela peut durer jusqu'\u00e0 2 ans dans certains cas. Les r\u00e9sultats varient, il est donc conseill\u00e9 de discuter de votre situation sp\u00e9cifique avec votre professionnel de sant\u00e9.<\/span><\/p><\/div><div class=\"item_title\">Y a-t-il des restrictions alimentaires avant ou apr\u00e8s la proc\u00e9dure ?<\/div><div class=\"item_content\"><p><span>Vous n'aurez g\u00e9n\u00e9ralement pas de restrictions alimentaires sp\u00e9cifiques avant ou apr\u00e8s la proc\u00e9dure. Cependant, vous devriez suivre attentivement les instructions de votre m\u00e9decin. Il pourrait vous conseiller de je\u00fbner pendant quelques heures avant et de rester bien hydrat\u00e9 apr\u00e8s.<\/span><\/p><\/div><div class=\"item_title\">La RFA peut-elle \u00eatre r\u00e9p\u00e9t\u00e9e si les sympt\u00f4mes r\u00e9apparaissent ?<\/div><div class=\"item_content\"><p><span>Oui, vous pouvez faire r\u00e9p\u00e9ter la proc\u00e9dure si vos sympt\u00f4mes r\u00e9apparaissent. Il est courant que certains patients aient besoin de traitements de suivi. N'h\u00e9sitez pas \u00e0 consulter votre m\u00e9decin si vous ressentez \u00e0 nouveau de l'inconfort. Il vous guidera \u00e0 travers vos options.<\/span><\/p><\/div><div class=\"item_title\">Quels sont les effets secondaires potentiels de l&#039;ablation par radiofr\u00e9quence ?<\/div><div class=\"item_content\"><p><span>Il est possible que vous ressentiez une douleur temporaire, un gonflement ou un engourdissement au site de traitement. Il existe un faible risque d'infection, de saignement ou de l\u00e9sion nerveuse. Dans de rares cas, vous pourriez faire face \u00e0 des complications plus graves telles que des br\u00fblures ou des dommages tissulaires involontaires.<\/span><\/p><\/div><div class=\"item_title\">L&#039;ablation par radiofr\u00e9quence est-elle couverte par l&#039;assurance pour les affections ORL ?<\/div><div class=\"item_content\"><p><span>Vous constaterez que la couverture d'assurance pour la RFA dans les affections ORL varie. Elle est souvent couverte pour des cas sp\u00e9cifiques comme la rhinite chronique. V\u00e9rifiez aupr\u00e8s de votre prestataire et de votre compagnie d'assurance pour d\u00e9terminer si votre condition particuli\u00e8re est \u00e9ligible \u00e0 une couverture.<\/span><\/p><\/div><\/div><script type=\"application\/json\" id=\"settings--e628159\">{\"collapsible\":false,\"active\":0}<\/script>\t\t\t\t<\/div>\n\t\t\t\t<\/div>\n\t\t\t\t\t<\/div>\n\t\t<\/div>\n\t\t\t\t\t<\/div>\n\t\t<\/section>\n\t\t\t\t<section class=\"elementor-section elementor-top-section elementor-element elementor-element-3cc22913 elementor-section-boxed elementor-section-height-default elementor-section-height-default\" data-id=\"3cc22913\" data-element_type=\"section\" data-e-type=\"section\">\n\t\t\t\t\t\t<div class=\"elementor-container elementor-column-gap-default\">\n\t\t\t\t\t<div class=\"elementor-column elementor-col-100 elementor-top-column elementor-element elementor-element-38c19ad4\" data-id=\"38c19ad4\" data-element_type=\"column\" data-e-type=\"column\">\n\t\t\t<div class=\"elementor-widget-wrap elementor-element-populated\">\n\t\t\t\t\t\t<div class=\"elementor-element elementor-element-e491991 elementor-widget elementor-widget-spacer\" data-id=\"e491991\" data-element_type=\"widget\" data-e-type=\"widget\" data-widget_type=\"spacer.default\">\n\t\t\t\t<div class=\"elementor-widget-container\">\n\t\t\t\t\t\t\t<div class=\"elementor-spacer\">\n\t\t\t<div class=\"elementor-spacer-inner\"><\/div>\n\t\t<\/div>\n\t\t\t\t\t\t<\/div>\n\t\t\t\t<\/div>\n\t\t\t\t\t<\/div>\n\t\t<\/div>\n\t\t\t\t\t<\/div>\n\t\t<\/section>\n\t\t\t\t<section class=\"elementor-section elementor-top-section elementor-element elementor-element-6d9851d4 elementor-section-content-middle elementor-section-stretched elementor-section-boxed elementor-section-height-default elementor-section-height-default\" data-id=\"6d9851d4\" data-element_type=\"section\" data-e-type=\"section\" data-settings=\"{&quot;background_background&quot;:&quot;classic&quot;,&quot;stretch_section&quot;:&quot;section-stretched&quot;}\">\n\t\t\t\t\t\t<div class=\"elementor-container elementor-column-gap-no\">\n\t\t\t\t\t<div class=\"elementor-column elementor-col-50 elementor-top-column elementor-element elementor-element-a2a0e29\" data-id=\"a2a0e29\" data-element_type=\"column\" data-e-type=\"column\">\n\t\t\t<div class=\"elementor-widget-wrap elementor-element-populated\">\n\t\t\t\t\t\t<div class=\"elementor-element elementor-element-60dba0f1 elementor-widget elementor-widget-spacer\" data-id=\"60dba0f1\" data-element_type=\"widget\" data-e-type=\"widget\" data-widget_type=\"spacer.default\">\n\t\t\t\t<div class=\"elementor-widget-container\">\n\t\t\t\t\t\t\t<div class=\"elementor-spacer\">\n\t\t\t<div class=\"elementor-spacer-inner\"><\/div>\n\t\t<\/div>\n\t\t\t\t\t\t<\/div>\n\t\t\t\t<\/div>\n\t\t\t\t<div class=\"elementor-element-custom_font_family elementor-element-custom_font_weight elementor-element-custom_color elementor-element elementor-element-37073072 elementor-widget elementor-widget-text-editor\" data-id=\"37073072\" data-element_type=\"widget\" data-e-type=\"widget\" data-widget_type=\"text-editor.default\">\n\t\t\t\t<div class=\"elementor-widget-container\">\n\t\t\t\t\t\t\t\t\t<h1>Subspecialist ENT doctors at your service!<\/h1>\t\t\t\t\t\t\t\t<\/div>\n\t\t\t\t<\/div>\n\t\t\t\t<div class=\"elementor-element elementor-element-6cfd7b5b elementor-widget elementor-widget-spacer\" data-id=\"6cfd7b5b\" data-element_type=\"widget\" data-e-type=\"widget\" data-widget_type=\"spacer.default\">\n\t\t\t\t<div class=\"elementor-widget-container\">\n\t\t\t\t\t\t\t<div class=\"elementor-spacer\">\n\t\t\t<div class=\"elementor-spacer-inner\"><\/div>\n\t\t<\/div>\n\t\t\t\t\t\t<\/div>\n\t\t\t\t<\/div>\n\t\t\t\t\t<\/div>\n\t\t<\/div>\n\t\t\t\t<div class=\"elementor-column elementor-col-50 elementor-top-column elementor-element elementor-element-49914cee min_width-500px\" data-id=\"49914cee\" data-element_type=\"column\" data-e-type=\"column\">\n\t\t\t<div class=\"elementor-widget-wrap elementor-element-populated\">\n\t\t\t\t\t\t<div class=\"elementor-element-custom_color elementor-element elementor-element-2cdc538a elementor-widget elementor-widget-text-editor\" data-id=\"2cdc538a\" data-element_type=\"widget\" data-e-type=\"widget\" data-widget_type=\"text-editor.default\">\n\t\t\t\t<div class=\"elementor-widget-container\">\n\t\t\t\t\t\t\t\t\t<p><img decoding=\"async\" class=\"size-full wp-image-556 alignnone\" style=\"margin-right: 13px\" src=\"https:\/\/livewp.site\/wp\/md\/sirona\/wp-content\/uploads\/sites\/62\/2019\/07\/icon-23.png\" alt=\"\" width=\"100\" height=\"100\" \/> <img decoding=\"async\" class=\"alignnone size-medium wp-image-555\" style=\"margin-right: 13px\" src=\"https:\/\/livewp.site\/wp\/md\/sirona\/wp-content\/uploads\/sites\/62\/2019\/07\/icon-22.png\" alt=\"\" width=\"100\" height=\"100\" \/> <img decoding=\"async\" class=\"alignnone size-full wp-image-554\" src=\"https:\/\/livewp.site\/wp\/md\/sirona\/wp-content\/uploads\/sites\/62\/2019\/07\/icon-21.png\" alt=\"\" width=\"100\" height=\"100\" \/><\/p>\t\t\t\t\t\t\t\t<\/div>\n\t\t\t\t<\/div>\n\t\t\t\t<div class=\"elementor-element elementor-element-689cdd2f elementor-hidden-desktop elementor-widget elementor-widget-spacer\" data-id=\"689cdd2f\" data-element_type=\"widget\" data-e-type=\"widget\" data-widget_type=\"spacer.default\">\n\t\t\t\t<div class=\"elementor-widget-container\">\n\t\t\t\t\t\t\t<div class=\"elementor-spacer\">\n\t\t\t<div class=\"elementor-spacer-inner\"><\/div>\n\t\t<\/div>\n\t\t\t\t\t\t<\/div>\n\t\t\t\t<\/div>\n\t\t\t\t<div class=\"elementor-element elementor-element-e099f8d elementor-widget elementor-widget-spacer\" data-id=\"e099f8d\" data-element_type=\"widget\" data-e-type=\"widget\" data-widget_type=\"spacer.default\">\n\t\t\t\t<div class=\"elementor-widget-container\">\n\t\t\t\t\t\t\t<div class=\"elementor-spacer\">\n\t\t\t<div class=\"elementor-spacer-inner\"><\/div>\n\t\t<\/div>\n\t\t\t\t\t\t<\/div>\n\t\t\t\t<\/div>\n\t\t\t\t\t<\/div>\n\t\t<\/div>\n\t\t\t\t\t<\/div>\n\t\t<\/section>\n\t\t\t\t<\/div>","protected":false},"excerpt":{"rendered":"<p>PRENDRE UN RENDEZ-VOUS PRENDRE RENDEZ-VOUS M\u00c9DECIN EN CHEF DU D\u00c9PARTEMENT Dr Ilyes Berania M\u00e9decin ORL Dr Ilyes Berania M\u00e9decin ORL SP\u00c9CIALIT\u00c9S Oreilles OTITES MOYENNES \/ EXTERNES CHOLEST\u00c9ATOME OTOSCL\u00c9ROSE SCHWANNOME VESTIBULAIRE BRUITS OREILLE (ACOUPH\u00c8NE) BOUCHON CIRE OREILLE SURDIT\u00c9 VERTIGES P\u00c9DIATRIQUE SURDIT\u00c9 PROFESSIONNELLE CANCER PEAU, VISAGE, COU M\u00c9DECINS SP\u00c9CIALISTES Dre B\u00e9atrice Voizard M\u00e9decin ORLSp\u00e9cialit\u00e9s : Sinus base [&hellip;]<\/p>\n","protected":false},"author":9,"featured_media":0,"parent":0,"menu_order":0,"comment_status":"closed","ping_status":"closed","template":"","meta":{"footnotes":""},"class_list":["post-3591","page","type-page","status-publish","hentry"],"_links":{"self":[{"href":"https:\/\/www.cliniqueorl.com\/en\/wp-json\/wp\/v2\/pages\/3591","targetHints":{"allow":["GET"]}}],"collection":[{"href":"https:\/\/www.cliniqueorl.com\/en\/wp-json\/wp\/v2\/pages"}],"about":[{"href":"https:\/\/www.cliniqueorl.com\/en\/wp-json\/wp\/v2\/types\/page"}],"author":[{"embeddable":true,"href":"https:\/\/www.cliniqueorl.com\/en\/wp-json\/wp\/v2\/users\/9"}],"replies":[{"embeddable":true,"href":"https:\/\/www.cliniqueorl.com\/en\/wp-json\/wp\/v2\/comments?post=3591"}],"version-history":[{"count":7,"href":"https:\/\/www.cliniqueorl.com\/en\/wp-json\/wp\/v2\/pages\/3591\/revisions"}],"predecessor-version":[{"id":3599,"href":"https:\/\/www.cliniqueorl.com\/en\/wp-json\/wp\/v2\/pages\/3591\/revisions\/3599"}],"wp:attachment":[{"href":"https:\/\/www.cliniqueorl.com\/en\/wp-json\/wp\/v2\/media?parent=3591"}],"curies":[{"name":"wp","href":"https:\/\/api.w.org\/{rel}","templated":true}]}}