{"id":306,"date":"2019-07-17T13:41:49","date_gmt":"2019-07-17T13:41:49","guid":{"rendered":"https:\/\/livewp.site\/wp\/md\/sirona\/?page_id=306"},"modified":"2020-05-09T14:36:08","modified_gmt":"2020-05-09T14:36:08","slug":"doctors","status":"publish","type":"page","link":"https:\/\/www.cliniqueorl.com\/en\/a-propos\/doctors\/","title":{"rendered":"Doctors"},"content":{"rendered":"\t\t<div data-elementor-type=\"wp-post\" data-elementor-id=\"306\" class=\"elementor elementor-306\" data-elementor-post-type=\"page\">\n\t\t\t\t\t\t<section class=\"elementor-section elementor-top-section elementor-element elementor-element-47400d7 elementor-section-boxed elementor-section-height-default elementor-section-height-default\" data-id=\"47400d7\" data-element_type=\"section\" data-e-type=\"section\">\n\t\t\t\t\t\t<div class=\"elementor-container elementor-column-gap-default\">\n\t\t\t\t\t<div class=\"elementor-column elementor-col-100 elementor-top-column elementor-element elementor-element-c2942a5\" data-id=\"c2942a5\" data-element_type=\"column\" data-e-type=\"column\">\n\t\t\t<div class=\"elementor-widget-wrap elementor-element-populated\">\n\t\t\t\t\t\t<div class=\"elementor-element elementor-element-4346158 grid_gap-0 elementor-widget elementor-widget-gt3-core-team\" data-id=\"4346158\" data-element_type=\"widget\" data-e-type=\"widget\" data-widget_type=\"gt3-core-team.default\">\n\t\t\t\t<div class=\"elementor-widget-container\">\n\t\t\t\t\t\t<div class=\"module_team type3\" data-post-index=\"12\">\r\n\t\t<div class=\"shortcode_team \">\r\n\t\t\t<div class=\"items1\">\r\n\t\t\t\t\t\t\t\t<ul class=\"item_list \">\r\n\t\t\t\t\t<li class=\"item-team-member medecin-orl\"><div class=\"item_wrapper\"><div class=\"item\"><div class=\"team_img featured_img\"><img decoding=\"async\"  srcset=\"https:\/\/www.cliniqueorl.com\/wp-content\/uploads\/2024\/03\/Photo-B-Voizard-CaRMS-3-1920x1920.jpeg 1920w, https:\/\/www.cliniqueorl.com\/wp-content\/uploads\/2024\/03\/Photo-B-Voizard-CaRMS-3-1600x1600.jpeg 1600w, https:\/\/www.cliniqueorl.com\/wp-content\/uploads\/2024\/03\/Photo-B-Voizard-CaRMS-3-1200x1200.jpeg 1200w, https:\/\/www.cliniqueorl.com\/wp-content\/uploads\/2024\/03\/Photo-B-Voizard-CaRMS-3-992x992.jpeg 992w, https:\/\/www.cliniqueorl.com\/wp-content\/uploads\/2024\/03\/Photo-B-Voizard-CaRMS-3-768x768.jpeg 768w, https:\/\/www.cliniqueorl.com\/wp-content\/uploads\/2024\/03\/Photo-B-Voizard-CaRMS-3-600x600.jpeg 600w,https:\/\/www.cliniqueorl.com\/wp-content\/uploads\/2024\/03\/Photo-B-Voizard-CaRMS-3-420x420.jpeg 420w\" src=\"https:\/\/www.cliniqueorl.com\/wp-content\/uploads\/2024\/03\/Photo-B-Voizard-CaRMS-3-1600x1600.jpeg\" sizes=\"(min-width: 1600px) 1920px, (min-width: 1200px) 1600px, (min-width: 992px) 1200px, (min-width: 768px) 992px, (min-width: 600px) 768px, (min-width: 420px) 600px, (max-width: 600px) 420px\" title=\"Photo B Voizard CaRMS-3\" alt=\"Photo B Voizard CaRMS-3\" \/><\/div><div class=\"team-infobox\"><div class=\"team_title\"><div class=\"team_title_wrapper\"><h3 class=\"team_title__text\">Dre B\u00e9atrice Voizard<\/h3><div class=\"team-positions\">M\u00e9decin ORL<\/div><\/div><\/div><div class=\"team_info\"><div class=\"member-short-desc\">Sp\u00e9cialit\u00e9s : Sinus base du cou, chirurgie cervico-faciale, ORL\r\ng\u00e9n\u00e9rale\r\nChirurgien ORL au CIUSS du Nord de l\u2019\u00cele de Montr\u00e9al\r\nMD\u00a0: Universit\u00e9 de Montr\u00e9al\r\nR\u00e9sidence\u00a0: Universit\u00e9 de Montr\u00e9al\r\nFellowship: University of British Columbia<\/div><\/div><\/div><\/div><\/div><\/li><li class=\"item-team-member medecin-orl\"><div class=\"item_wrapper\"><div class=\"item\"><div class=\"team_img featured_img\"><img decoding=\"async\"  srcset=\"https:\/\/www.cliniqueorl.com\/wp-content\/uploads\/2024\/03\/Abboud_Olivier-825x340-removebg-preview-1920x1920.png 1920w, https:\/\/www.cliniqueorl.com\/wp-content\/uploads\/2024\/03\/Abboud_Olivier-825x340-removebg-preview-1600x1600.png 1600w, https:\/\/www.cliniqueorl.com\/wp-content\/uploads\/2024\/03\/Abboud_Olivier-825x340-removebg-preview-1200x1200.png 1200w, https:\/\/www.cliniqueorl.com\/wp-content\/uploads\/2024\/03\/Abboud_Olivier-825x340-removebg-preview-992x992.png 992w, https:\/\/www.cliniqueorl.com\/wp-content\/uploads\/2024\/03\/Abboud_Olivier-825x340-removebg-preview-768x768.png 768w, https:\/\/www.cliniqueorl.com\/wp-content\/uploads\/2024\/03\/Abboud_Olivier-825x340-removebg-preview-600x600.png 600w,https:\/\/www.cliniqueorl.com\/wp-content\/uploads\/2024\/03\/Abboud_Olivier-825x340-removebg-preview-420x420.png 420w\" src=\"https:\/\/www.cliniqueorl.com\/wp-content\/uploads\/2024\/03\/Abboud_Olivier-825x340-removebg-preview-1600x1600.png\" sizes=\"(min-width: 1600px) 1920px, (min-width: 1200px) 1600px, (min-width: 992px) 1200px, (min-width: 768px) 992px, (min-width: 600px) 768px, (min-width: 420px) 600px, (max-width: 600px) 420px\" title=\"Abboud_Olivier-825&#215;340-removebg-preview\" alt=\"Abboud_Olivier-825&#215;340-removebg-preview\" \/><\/div><div class=\"team-infobox\"><div class=\"team_title\"><div class=\"team_title_wrapper\"><h3 class=\"team_title__text\">Dr Olivier Abboud<\/h3><div class=\"team-positions\">M\u00e9decin ORL<\/div><\/div><\/div><div class=\"team_info\"><div class=\"member-short-desc\">Sp\u00e9cialit\u00e9s : Glandes salivaires, chirurgie t\u00eate &amp; cou, ORL\r\ng\u00e9n\u00e9rale\r\nChirurgien ORL au CIUSS du Nord de l\u2019\u00cele de Montr\u00e9al\r\nMD\u00a0: Universit\u00e9 de Montr\u00e9al\r\nR\u00e9sidence\u00a0: Universit\u00e9 de Montr\u00e9al<\/div><\/div><\/div><\/div><\/div><\/li><li class=\"item-team-member medecin-orl\"><div class=\"item_wrapper\"><div class=\"item\"><div class=\"team_img featured_img\"><img decoding=\"async\"  srcset=\"https:\/\/www.cliniqueorl.com\/wp-content\/uploads\/2024\/03\/Korban_Nadim-825x340-removebg-preview-1920x1920.png 1920w, https:\/\/www.cliniqueorl.com\/wp-content\/uploads\/2024\/03\/Korban_Nadim-825x340-removebg-preview-1600x1600.png 1600w, https:\/\/www.cliniqueorl.com\/wp-content\/uploads\/2024\/03\/Korban_Nadim-825x340-removebg-preview-1200x1200.png 1200w, https:\/\/www.cliniqueorl.com\/wp-content\/uploads\/2024\/03\/Korban_Nadim-825x340-removebg-preview-992x992.png 992w, https:\/\/www.cliniqueorl.com\/wp-content\/uploads\/2024\/03\/Korban_Nadim-825x340-removebg-preview-768x768.png 768w, https:\/\/www.cliniqueorl.com\/wp-content\/uploads\/2024\/03\/Korban_Nadim-825x340-removebg-preview-600x600.png 600w,https:\/\/www.cliniqueorl.com\/wp-content\/uploads\/2024\/03\/Korban_Nadim-825x340-removebg-preview-420x420.png 420w\" src=\"https:\/\/www.cliniqueorl.com\/wp-content\/uploads\/2024\/03\/Korban_Nadim-825x340-removebg-preview-1600x1600.png\" sizes=\"(min-width: 1600px) 1920px, (min-width: 1200px) 1600px, (min-width: 992px) 1200px, (min-width: 768px) 992px, (min-width: 600px) 768px, (min-width: 420px) 600px, (max-width: 600px) 420px\" title=\"Korban_Nadim-825&#215;340-removebg-preview\" alt=\"Korban_Nadim-825&#215;340-removebg-preview\" \/><\/div><div class=\"team-infobox\"><div class=\"team_title\"><div class=\"team_title_wrapper\"><h3 class=\"team_title__text\">Dr Nadim Korban<\/h3><div class=\"team-positions\">M\u00e9decin ORL<\/div><\/div><\/div><\/div><\/div><\/div><\/li><li class=\"item-team-member medecin-orl\"><div class=\"item_wrapper\"><div class=\"item\"><div class=\"team_img featured_img\"><img decoding=\"async\"  srcset=\"https:\/\/www.cliniqueorl.com\/wp-content\/uploads\/2024\/03\/Ilyes_Berania-orl-photo-1-1920x1920.png 1920w, https:\/\/www.cliniqueorl.com\/wp-content\/uploads\/2024\/03\/Ilyes_Berania-orl-photo-1-1600x1600.png 1600w, https:\/\/www.cliniqueorl.com\/wp-content\/uploads\/2024\/03\/Ilyes_Berania-orl-photo-1-1200x1200.png 1200w, https:\/\/www.cliniqueorl.com\/wp-content\/uploads\/2024\/03\/Ilyes_Berania-orl-photo-1-992x992.png 992w, https:\/\/www.cliniqueorl.com\/wp-content\/uploads\/2024\/03\/Ilyes_Berania-orl-photo-1-768x768.png 768w, https:\/\/www.cliniqueorl.com\/wp-content\/uploads\/2024\/03\/Ilyes_Berania-orl-photo-1-600x600.png 600w,https:\/\/www.cliniqueorl.com\/wp-content\/uploads\/2024\/03\/Ilyes_Berania-orl-photo-1-420x420.png 420w\" src=\"https:\/\/www.cliniqueorl.com\/wp-content\/uploads\/2024\/03\/Ilyes_Berania-orl-photo-1-1600x1600.png\" sizes=\"(min-width: 1600px) 1920px, (min-width: 1200px) 1600px, (min-width: 992px) 1200px, (min-width: 768px) 992px, (min-width: 600px) 768px, (min-width: 420px) 600px, (max-width: 600px) 420px\" title=\"Ilyes_Berania-orl-photo\" alt=\"Ilyes_Berania-orl-photo\" \/><\/div><div class=\"team-infobox\"><div class=\"team_title\"><div class=\"team_title_wrapper\"><h3 class=\"team_title__text\">Dr Ilyes Berania<\/h3><div class=\"team-positions\">M\u00e9decin ORL<\/div><\/div><\/div><div class=\"team_info\"><div class=\"member-short-desc\">Ilyes Berania MD MSc. FRCSC\r\nProfesseur adjoint, Universit\u00e9 de Montr\u00e9al\r\nChirurgien ORL, CIUSS du Nord-de-l\u2019\u00cele-de-Montr\u00e9al\r\nOncologie et reconstruction cervico-faciale\r\nChirurgie de la thyro\u00efde et des parathyro\u00efdes<\/div><\/div><\/div><\/div><\/div><\/li><li class=\"item-team-member medecin-orl\"><div class=\"item_wrapper\"><div class=\"item\"><div class=\"team_img featured_img\"><img decoding=\"async\"  srcset=\"https:\/\/www.cliniqueorl.com\/wp-content\/uploads\/2021\/02\/unnamed-1-scaled-1920x1920.jpg 1920w, https:\/\/www.cliniqueorl.com\/wp-content\/uploads\/2021\/02\/unnamed-1-scaled-1600x1600.jpg 1600w, https:\/\/www.cliniqueorl.com\/wp-content\/uploads\/2021\/02\/unnamed-1-scaled-1200x1200.jpg 1200w, https:\/\/www.cliniqueorl.com\/wp-content\/uploads\/2021\/02\/unnamed-1-scaled-992x992.jpg 992w, https:\/\/www.cliniqueorl.com\/wp-content\/uploads\/2021\/02\/unnamed-1-scaled-768x768.jpg 768w, https:\/\/www.cliniqueorl.com\/wp-content\/uploads\/2021\/02\/unnamed-1-scaled-600x600.jpg 600w,https:\/\/www.cliniqueorl.com\/wp-content\/uploads\/2021\/02\/unnamed-1-scaled-420x420.jpg 420w\" src=\"https:\/\/www.cliniqueorl.com\/wp-content\/uploads\/2021\/02\/unnamed-1-scaled-1600x1600.jpg\" sizes=\"(min-width: 1600px) 1920px, (min-width: 1200px) 1600px, (min-width: 992px) 1200px, (min-width: 768px) 992px, (min-width: 600px) 768px, (min-width: 420px) 600px, (max-width: 600px) 420px\" title=\"unnamed (1)\" alt=\"unnamed (1)\" \/><\/div><div class=\"team-infobox\"><div class=\"team_title\"><div class=\"team_title_wrapper\"><h3 class=\"team_title__text\">Dr. Julie Do<\/h3><div class=\"team-positions\">M\u00e9decin<\/div><\/div><\/div><div class=\"team_info\"><div class=\"member-short-desc\"><p>Sp\u00e9cialit\u00e9s: ORL g\u00e9n\u00e9rale, chirurgie thyro\u00efde et parathyro\u00efde, oreille moyenne<\/p>\r\nChirurgienne ORL \u00e0 l'H\u00f4pital Pierre-Boucher, Longueuil<\/p>\r\n<p>\r\nMD: Universit\u00e9 McGill<br>\r\nR\u00e9sidence: Universit\u00e9 Laval<\/p><\/div><\/div><\/div><\/div><\/div><\/li><li class=\"item-team-member medecin-orl\"><div class=\"item_wrapper\"><div class=\"item\"><div class=\"team_img featured_img\"><img decoding=\"async\"  srcset=\"https:\/\/www.cliniqueorl.com\/wp-content\/uploads\/2020\/09\/stephenson-scaled-1920x1920.jpg 1920w, https:\/\/www.cliniqueorl.com\/wp-content\/uploads\/2020\/09\/stephenson-scaled-1600x1600.jpg 1600w, https:\/\/www.cliniqueorl.com\/wp-content\/uploads\/2020\/09\/stephenson-scaled-1200x1200.jpg 1200w, https:\/\/www.cliniqueorl.com\/wp-content\/uploads\/2020\/09\/stephenson-scaled-992x992.jpg 992w, https:\/\/www.cliniqueorl.com\/wp-content\/uploads\/2020\/09\/stephenson-scaled-768x768.jpg 768w, https:\/\/www.cliniqueorl.com\/wp-content\/uploads\/2020\/09\/stephenson-scaled-600x600.jpg 600w,https:\/\/www.cliniqueorl.com\/wp-content\/uploads\/2020\/09\/stephenson-scaled-420x420.jpg 420w\" src=\"https:\/\/www.cliniqueorl.com\/wp-content\/uploads\/2020\/09\/stephenson-scaled-1600x1600.jpg\" sizes=\"(min-width: 1600px) 1920px, (min-width: 1200px) 1600px, (min-width: 992px) 1200px, (min-width: 768px) 992px, (min-width: 600px) 768px, (min-width: 420px) 600px, (max-width: 600px) 420px\" title=\"stephenson\" alt=\"stephenson\" \/><\/div><div class=\"team-infobox\"><div class=\"team_title\"><div class=\"team_title_wrapper\"><h3 class=\"team_title__text\">Dre Marie-France Stephenson<\/h3><div class=\"team-positions\">M\u00e9decin<\/div><\/div><\/div><div class=\"team_info\"><div class=\"member-short-desc\"><p>Sp\u00e9cialit\u00e9s: ORL g\u00e9n\u00e9rale (adulte et enfant)<\/p>\r\n<p>Chirurgienne ORL au CIUSSS du Centre-Sud-de-l'\u00cele-de-Montr\u00e9al<\/p>\r\n<p>\r\nMD: Universit\u00e9 de Sherbrooke<br>\r\nR\u00e9sidence: Universit\u00e9 de Montr\u00e9al<br>\r\nMa\u00eetrise: Universit\u00e9 de Montr\u00e9al<\/div><\/div><\/div><\/div><\/div><\/li><li class=\"item-team-member medecin-orl\"><div class=\"item_wrapper\"><div class=\"item\"><div class=\"team_img featured_img\"><img decoding=\"async\"  srcset=\"https:\/\/www.cliniqueorl.com\/wp-content\/uploads\/2020\/09\/Badr-Ibrahim_2019_02-1920x1920.jpg 1920w, https:\/\/www.cliniqueorl.com\/wp-content\/uploads\/2020\/09\/Badr-Ibrahim_2019_02-1600x1600.jpg 1600w, https:\/\/www.cliniqueorl.com\/wp-content\/uploads\/2020\/09\/Badr-Ibrahim_2019_02-1200x1200.jpg 1200w, https:\/\/www.cliniqueorl.com\/wp-content\/uploads\/2020\/09\/Badr-Ibrahim_2019_02-992x992.jpg 992w, https:\/\/www.cliniqueorl.com\/wp-content\/uploads\/2020\/09\/Badr-Ibrahim_2019_02-768x768.jpg 768w, https:\/\/www.cliniqueorl.com\/wp-content\/uploads\/2020\/09\/Badr-Ibrahim_2019_02-600x600.jpg 600w,https:\/\/www.cliniqueorl.com\/wp-content\/uploads\/2020\/09\/Badr-Ibrahim_2019_02-420x420.jpg 420w\" src=\"https:\/\/www.cliniqueorl.com\/wp-content\/uploads\/2020\/09\/Badr-Ibrahim_2019_02-1600x1600.jpg\" sizes=\"(min-width: 1600px) 1920px, (min-width: 1200px) 1600px, (min-width: 992px) 1200px, (min-width: 768px) 992px, (min-width: 600px) 768px, (min-width: 420px) 600px, (max-width: 600px) 420px\" title=\"Badr Ibrahim_2019_02\" alt=\"Badr Ibrahim_2019_02\" \/><\/div><div class=\"team-infobox\"><div class=\"team_title\"><div class=\"team_title_wrapper\"><h3 class=\"team_title__text\">Dr. Badr Ibrahim<\/h3><div class=\"team-positions\">M\u00e9decin<\/div><\/div><\/div><div class=\"team_info\"><div class=\"member-short-desc\"><p>Sp\u00e9cialit\u00e9s: Chirurgie de l'apn\u00e9e du sommeil, ORL g\u00e9n\u00e9rale<\/p>\r\n<p>Professeur adjoint, Universit\u00e9 de Montr\u00e9al<br>\r\nChirurgien ORL au CIUSSS du Nord-de-l'\u00cele-de-Montr\u00e9al<\/p>\r\n<p>\r\nMD: Universit\u00e9 McGill<br>\r\nR\u00e9sidence: Universit\u00e9 de Montr\u00e9al<br>\r\nMa\u00eetrise: Universit\u00e9 de Montr\u00e9al<br>\r\nFellowship: Lyon, France et Stanford University, Stanford, CA<\/p><\/div><\/div><\/div><\/div><\/div><\/li><li class=\"item-team-member medecin-orl\"><div class=\"item_wrapper\"><div class=\"item\"><div class=\"team_img featured_img\"><img decoding=\"async\"  srcset=\"https:\/\/www.cliniqueorl.com\/wp-content\/uploads\/2020\/05\/benamira-1920x1920.jpg 1920w, https:\/\/www.cliniqueorl.com\/wp-content\/uploads\/2020\/05\/benamira-1600x1600.jpg 1600w, https:\/\/www.cliniqueorl.com\/wp-content\/uploads\/2020\/05\/benamira-1200x1200.jpg 1200w, https:\/\/www.cliniqueorl.com\/wp-content\/uploads\/2020\/05\/benamira-992x992.jpg 992w, https:\/\/www.cliniqueorl.com\/wp-content\/uploads\/2020\/05\/benamira-768x768.jpg 768w, https:\/\/www.cliniqueorl.com\/wp-content\/uploads\/2020\/05\/benamira-600x600.jpg 600w,https:\/\/www.cliniqueorl.com\/wp-content\/uploads\/2020\/05\/benamira-420x420.jpg 420w\" src=\"https:\/\/www.cliniqueorl.com\/wp-content\/uploads\/2020\/05\/benamira-1600x1600.jpg\" sizes=\"(min-width: 1600px) 1920px, (min-width: 1200px) 1600px, (min-width: 992px) 1200px, (min-width: 768px) 992px, (min-width: 600px) 768px, (min-width: 420px) 600px, (max-width: 600px) 420px\" title=\"benamira\" alt=\"benamira\" \/><\/div><div class=\"team-infobox\"><div class=\"team_title\"><div class=\"team_title_wrapper\"><h3 class=\"team_title__text\">Dr. Lina Benamira<\/h3><div class=\"team-positions\">M\u00e9decin<\/div><\/div><\/div><div class=\"team_info\"><div class=\"member-short-desc\"><p>Sp\u00e9cialit\u00e9s: Oncologie cervico-faciale, chirurgie de la thyro\u00efde et des parathyro\u00efdes, ORL g\u00e9n\u00e9rale<\/p>\r\nChirurgienne ORL au CISSS de la Mont\u00e9r\u00e9gie-Ouest<\/p>\r\n<p>\r\nMD: Universit\u00e9 de Montr\u00e9al<br>\r\nR\u00e9sidence: Universit\u00e9 McGill<br>\r\nFellowship: Auckland, Nouvelle Z\u00e9lande<\/p><\/div><\/div><\/div><\/div><\/div><\/li><li class=\"item-team-member medecin-orl\"><div class=\"item_wrapper\"><div class=\"item\"><div class=\"team_img featured_img\"><img decoding=\"async\"  srcset=\"https:\/\/www.cliniqueorl.com\/wp-content\/uploads\/2019\/07\/ENT8456_ForWeb-1920x1920.jpg 1920w, https:\/\/www.cliniqueorl.com\/wp-content\/uploads\/2019\/07\/ENT8456_ForWeb-1600x1600.jpg 1600w, https:\/\/www.cliniqueorl.com\/wp-content\/uploads\/2019\/07\/ENT8456_ForWeb-1200x1200.jpg 1200w, https:\/\/www.cliniqueorl.com\/wp-content\/uploads\/2019\/07\/ENT8456_ForWeb-992x992.jpg 992w, https:\/\/www.cliniqueorl.com\/wp-content\/uploads\/2019\/07\/ENT8456_ForWeb-768x768.jpg 768w, https:\/\/www.cliniqueorl.com\/wp-content\/uploads\/2019\/07\/ENT8456_ForWeb-600x600.jpg 600w,https:\/\/www.cliniqueorl.com\/wp-content\/uploads\/2019\/07\/ENT8456_ForWeb-420x420.jpg 420w\" src=\"https:\/\/www.cliniqueorl.com\/wp-content\/uploads\/2019\/07\/ENT8456_ForWeb-1600x1600.jpg\" sizes=\"(min-width: 1600px) 1920px, (min-width: 1200px) 1600px, (min-width: 992px) 1200px, (min-width: 768px) 992px, (min-width: 600px) 768px, (min-width: 420px) 600px, (max-width: 600px) 420px\" title=\"ENT8456_ForWeb\" alt=\"ENT8456_ForWeb\" \/><\/div><div class=\"team_icons_wrapper\"><div class=\"member-icons\"><div class=\"team-icons\"><a href=\"https:\/\/www.facebook.com\/pages\/category\/Doctor\/montrealfacedoc\" class=\"member-icon fa fa-facebook-official\" target=\"_blank\" rel=\"noopener\"><span><\/span><\/a><a href=\"https:\/\/www.instagram.com\/montrealfacedoc\" class=\"member-icon fa fa-instagram\" target=\"_blank\" rel=\"noopener\"><span><\/span><\/a><\/div><\/div><\/div><div class=\"team-infobox\"><div class=\"team_title\"><div class=\"team_title_wrapper\"><h3 class=\"team_title__text\">Dr. Sami Moubayed<\/h3><div class=\"team-positions\">M\u00e9decin<\/div><\/div><\/div><div class=\"team_info\"><div class=\"member-short-desc\"><p>Sp\u00e9cialit\u00e9s: Chirurgie plastique et reconstruction faciale, Oncologie cervico-faciale, ORL g\u00e9n\u00e9rale<\/p>\r\n<p>Professeur adjoint, Universit\u00e9 de Montr\u00e9al<br>\r\nChirurgien ORL au CIUSSS du Nord de l\u2019\u00cele de Montr\u00e9al<\/p>\r\n<p>\r\nMD: Universit\u00e9 de Montr\u00e9al<br>\r\nR\u00e9sidence: Universit\u00e9 de Montr\u00e9al<br>\r\nFellowship: Icahn School of Medicine at Mount Sinai, New York NY<br>\r\nFellowship: Stanford University, Stanford CA<\/p><\/div><\/div><\/div><\/div><\/div><\/li><li class=\"item-team-member medecin-orl\"><div class=\"item_wrapper\"><div class=\"item\"><div class=\"team_img featured_img\"><img decoding=\"async\"  srcset=\"https:\/\/www.cliniqueorl.com\/wp-content\/uploads\/2019\/07\/17-112301-1920x1920.jpg 1920w, https:\/\/www.cliniqueorl.com\/wp-content\/uploads\/2019\/07\/17-112301-1600x1600.jpg 1600w, https:\/\/www.cliniqueorl.com\/wp-content\/uploads\/2019\/07\/17-112301-1200x1200.jpg 1200w, https:\/\/www.cliniqueorl.com\/wp-content\/uploads\/2019\/07\/17-112301-992x992.jpg 992w, https:\/\/www.cliniqueorl.com\/wp-content\/uploads\/2019\/07\/17-112301-768x768.jpg 768w, https:\/\/www.cliniqueorl.com\/wp-content\/uploads\/2019\/07\/17-112301-600x600.jpg 600w,https:\/\/www.cliniqueorl.com\/wp-content\/uploads\/2019\/07\/17-112301-420x420.jpg 420w\" src=\"https:\/\/www.cliniqueorl.com\/wp-content\/uploads\/2019\/07\/17-112301-1600x1600.jpg\" sizes=\"(min-width: 1600px) 1920px, (min-width: 1200px) 1600px, (min-width: 992px) 1200px, (min-width: 768px) 992px, (min-width: 600px) 768px, (min-width: 420px) 600px, (max-width: 600px) 420px\" title=\"17-1123#01\" alt=\"17-1123#01\" \/><\/div><div class=\"team_icons_wrapper\"><div class=\"member-icons\"><div class=\"team-icons\"><a href=\"#\" class=\"member-icon fa fa-instagram\" ><span><\/span><\/a><\/div><\/div><\/div><div class=\"team-infobox\"><div class=\"team_title\"><div class=\"team_title_wrapper\"><h3 class=\"team_title__text\">Dr. Joe Saliba<\/h3><div class=\"team-positions\">M\u00e9decin<\/div><\/div><\/div><div class=\"team_info\"><div class=\"member-short-desc\"><p>Sp\u00e9cialit\u00e9s: Neuro-otologie et chirurgie de la base du cr\u00e2ne, ORL g\u00e9n\u00e9rale<\/p>\r\n<p>Professeur adjoint, Universit\u00e9 de Montr\u00e9al<br>\r\nChirurgien ORL au Centre Hospitalier de l'Universit\u00e9 de Montr\u00e9al<\/p>\r\n<p>\r\nMD: Universit\u00e9 McGill<br>\r\nR\u00e9sidence: Universit\u00e9 McGill<br>\r\nMa\u00eetrise: Universit\u00e9 McGill et Stanford University, Stanford CA<br>\r\nFellowship: UC San Diego, San Diego CA<\/p><\/div><\/div><\/div><\/div><\/div><\/li><li class=\"item-team-member medecin-orl\"><div class=\"item_wrapper\"><div class=\"item\"><div class=\"team_img featured_img\"><img decoding=\"async\"  srcset=\"https:\/\/www.cliniqueorl.com\/wp-content\/uploads\/2019\/07\/Marchica-1-1920x1920.jpg 1920w, https:\/\/www.cliniqueorl.com\/wp-content\/uploads\/2019\/07\/Marchica-1-1600x1600.jpg 1600w, https:\/\/www.cliniqueorl.com\/wp-content\/uploads\/2019\/07\/Marchica-1-1200x1200.jpg 1200w, https:\/\/www.cliniqueorl.com\/wp-content\/uploads\/2019\/07\/Marchica-1-992x992.jpg 992w, https:\/\/www.cliniqueorl.com\/wp-content\/uploads\/2019\/07\/Marchica-1-768x768.jpg 768w, https:\/\/www.cliniqueorl.com\/wp-content\/uploads\/2019\/07\/Marchica-1-600x600.jpg 600w,https:\/\/www.cliniqueorl.com\/wp-content\/uploads\/2019\/07\/Marchica-1-420x420.jpg 420w\" src=\"https:\/\/www.cliniqueorl.com\/wp-content\/uploads\/2019\/07\/Marchica-1-1600x1600.jpg\" sizes=\"(min-width: 1600px) 1920px, (min-width: 1200px) 1600px, (min-width: 992px) 1200px, (min-width: 768px) 992px, (min-width: 600px) 768px, (min-width: 420px) 600px, (max-width: 600px) 420px\" title=\"Marchica\" alt=\"Marchica\" \/><\/div><div class=\"team_icons_wrapper\"><div class=\"member-icons\"><div class=\"team-icons\"><a href=\"#\" class=\"member-icon fa fa-instagram\" ><span><\/span><\/a><\/div><\/div><\/div><div class=\"team-infobox\"><div class=\"team_title\"><div class=\"team_title_wrapper\"><h3 class=\"team_title__text\">Dr. Cinzia Marchica<\/h3><div class=\"team-positions\">M\u00e9decin<\/div><\/div><\/div><div class=\"team_info\"><div class=\"member-short-desc\"><p>Sp\u00e9cialit\u00e9s: ORL p\u00e9diatrique, chirurgie de la thyro\u00efde et des parathyro\u00efdes, ORL g\u00e9n\u00e9rale<\/p>\r\n<p>Professeur adjointe, Universit\u00e9 McGill<br>\r\nChirurgienne ORL au CIUSSS de l'Ouest de l\u2019\u00cele de Montr\u00e9al<\/p>\r\n<p>\r\nMD: Universit\u00e9 de Montr\u00e9al<br>\r\nR\u00e9sidence: Universit\u00e9 McGill<br>\r\nFellowship: Emory University, Atlanta GA<\/p><\/div><\/div><\/div><\/div><\/div><\/li><li class=\"item-team-member medecin-orl\"><div class=\"item_wrapper\"><div class=\"item\"><div class=\"team_img featured_img\"><img decoding=\"async\"  srcset=\"https:\/\/www.cliniqueorl.com\/wp-content\/uploads\/2019\/07\/Icone_Team-1920x1920.jpg 1920w, https:\/\/www.cliniqueorl.com\/wp-content\/uploads\/2019\/07\/Icone_Team-1600x1600.jpg 1600w, https:\/\/www.cliniqueorl.com\/wp-content\/uploads\/2019\/07\/Icone_Team-1200x1200.jpg 1200w, https:\/\/www.cliniqueorl.com\/wp-content\/uploads\/2019\/07\/Icone_Team-992x992.jpg 992w, https:\/\/www.cliniqueorl.com\/wp-content\/uploads\/2019\/07\/Icone_Team-768x768.jpg 768w, https:\/\/www.cliniqueorl.com\/wp-content\/uploads\/2019\/07\/Icone_Team-600x600.jpg 600w,https:\/\/www.cliniqueorl.com\/wp-content\/uploads\/2019\/07\/Icone_Team-420x420.jpg 420w\" src=\"https:\/\/www.cliniqueorl.com\/wp-content\/uploads\/2019\/07\/Icone_Team-1600x1600.jpg\" sizes=\"(min-width: 1600px) 1920px, (min-width: 1200px) 1600px, (min-width: 992px) 1200px, (min-width: 768px) 992px, (min-width: 600px) 768px, (min-width: 420px) 600px, (max-width: 600px) 420px\" title=\"Icone_Team\" alt=\"Icone_Team\" \/><\/div><div class=\"team_icons_wrapper\"><div class=\"member-icons\"><div class=\"team-icons\"><a href=\"#\" class=\"member-icon fa fa-facebook-square\" ><span><\/span><\/a><a href=\"#\" class=\"member-icon fa fa-twitter-square\" ><span><\/span><\/a><a href=\"#\" class=\"member-icon fa fa-instagram\" ><span><\/span><\/a><\/div><\/div><\/div><div class=\"team-infobox\"><div class=\"team_title\"><div class=\"team_title_wrapper\"><h3 class=\"team_title__text\">Dr. Michel Dorion<\/h3><div class=\"team-positions\">M\u00e9decin<\/div><\/div><\/div><div class=\"team_info\"><div class=\"member-short-desc\"><p>Sp\u00e9cialit\u00e9: ORL g\u00e9n\u00e9rale<\/p>\r\n<p>\r\nMD: Universit\u00e9 de Montr\u00e9al<br>\r\nR\u00e9sidence: Universit\u00e9 de Montr\u00e9al<\/div><\/div><\/div><\/div><\/div><\/li>\t\t\t\t<\/ul>\r\n\t\t\t\t<div class=\"clear\"><\/div>\r\n\t\t\t<\/div>\r\n\t\t<\/div>\r\n\t\t\t<\/div>\r\n<script type=\"application\/json\" id=\"settings--4346158\">{\"type\":\"type3\",\"pagination_en\":false,\"posts_per_line\":1,\"grid_gap\":\"0\",\"query\":{\"post_status\":[\"publish\"],\"post_type\":\"team\",\"posts_per_page\":12,\"tax_query\":{\"relation\":\"AND\",\"0\":{\"field\":\"slug\",\"taxonomy\":\"team_category\",\"operator\":\"IN\",\"terms\":[\"medecin-orl\"]}},\"paged\":1},\"link_post\":\"\",\"custom_item_height\":\"\",\"show_social\":\"yes\",\"show_position\":\"yes\",\"show_title\":\"yes\",\"show_description\":\"yes\"}<\/script>\t\t\t\t<\/div>\n\t\t\t\t<\/div>\n\t\t\t\t\t<\/div>\n\t\t<\/div>\n\t\t\t\t\t<\/div>\n\t\t<\/section>\n\t\t\t\t<\/div>\n\t\t","protected":false},"excerpt":{"rendered":"<p>Dr. Sami Moubayed M\u00e9decin Sp\u00e9cialit\u00e9s: Chirurgie plastique et reconstruction faciale, Oncologie cervico-faciale, ORL g\u00e9n\u00e9rale Professeur adjoint, Universit\u00e9 de Montr\u00e9al Chirurgien ORL au CIUSSS du Nord de l\u2019\u00cele de Montr\u00e9al MD: Universit\u00e9 de Montr\u00e9al R\u00e9sidence: Universit\u00e9 de Montr\u00e9al Fellowship: Icahn School of Medicine at Mount Sinai, New York NY Fellowship: Stanford University, Stanford CA Dr. Joe [&hellip;]<\/p>\n","protected":false},"author":2,"featured_media":0,"parent":1940,"menu_order":0,"comment_status":"closed","ping_status":"closed","template":"","meta":{"footnotes":""},"class_list":["post-306","page","type-page","status-publish","hentry"],"_links":{"self":[{"href":"https:\/\/www.cliniqueorl.com\/en\/wp-json\/wp\/v2\/pages\/306","targetHints":{"allow":["GET"]}}],"collection":[{"href":"https:\/\/www.cliniqueorl.com\/en\/wp-json\/wp\/v2\/pages"}],"about":[{"href":"https:\/\/www.cliniqueorl.com\/en\/wp-json\/wp\/v2\/types\/page"}],"author":[{"embeddable":true,"href":"https:\/\/www.cliniqueorl.com\/en\/wp-json\/wp\/v2\/users\/2"}],"replies":[{"embeddable":true,"href":"https:\/\/www.cliniqueorl.com\/en\/wp-json\/wp\/v2\/comments?post=306"}],"version-history":[{"count":20,"href":"https:\/\/www.cliniqueorl.com\/en\/wp-json\/wp\/v2\/pages\/306\/revisions"}],"predecessor-version":[{"id":2158,"href":"https:\/\/www.cliniqueorl.com\/en\/wp-json\/wp\/v2\/pages\/306\/revisions\/2158"}],"up":[{"embeddable":true,"href":"https:\/\/www.cliniqueorl.com\/en\/wp-json\/wp\/v2\/pages\/1940"}],"wp:attachment":[{"href":"https:\/\/www.cliniqueorl.com\/en\/wp-json\/wp\/v2\/media?parent=306"}],"curies":[{"name":"wp","href":"https:\/\/api.w.org\/{rel}","templated":true}]}}