{"id":2601,"date":"2024-03-16T06:10:30","date_gmt":"2024-03-16T06:10:30","guid":{"rendered":"https:\/\/www.cliniqueorl.com\/?page_id=2601"},"modified":"2026-03-04T20:52:37","modified_gmt":"2026-03-04T20:52:37","slug":"orl-prive","status":"publish","type":"page","link":"https:\/\/www.cliniqueorl.com\/en\/orl-prive\/","title":{"rendered":"ORL Priv\u00e9"},"content":{"rendered":"<div data-elementor-type=\"wp-page\" data-elementor-id=\"2601\" class=\"elementor elementor-2601\" data-elementor-post-type=\"page\">\n\t\t\t\t<div class=\"elementor-element elementor-element-0998d7f e-flex e-con-boxed e-con e-parent\" data-id=\"0998d7f\" data-element_type=\"container\" data-e-type=\"container\">\n\t\t\t\t\t<div class=\"e-con-inner\">\n\t\t<aside class=\"elementor-element elementor-element-208bade e-con-full e-flex e-con e-child\" data-id=\"208bade\" data-element_type=\"container\" data-e-type=\"container\">\n\t\t<div class=\"elementor-element elementor-element-a2a4831 elementor-hidden-mobile e-con-full e-flex e-con e-child\" data-id=\"a2a4831\" data-element_type=\"container\" data-e-type=\"container\">\n\t\t<div class=\"elementor-element elementor-element-3ea9957 e-con-full e-flex e-con e-child\" data-id=\"3ea9957\" data-element_type=\"container\" data-e-type=\"container\">\n\t\t\t\t<div class=\"elementor-element elementor-element-899a242 elementor-widget elementor-widget-heading\" data-id=\"899a242\" data-element_type=\"widget\" data-e-type=\"widget\" data-widget_type=\"heading.default\">\n\t\t\t\t<div class=\"elementor-widget-container\">\n\t\t\t\t\t<h5 class=\"elementor-heading-title elementor-size-default\">SPECIALITIES<\/h5>\t\t\t\t<\/div>\n\t\t\t\t<\/div>\n\t\t\t\t<div class=\"elementor-element-custom_font_size elementor-element-custom_font_weight elementor-element elementor-element-ccd412f elementor-widget elementor-widget-text-editor\" data-id=\"ccd412f\" data-element_type=\"widget\" data-e-type=\"widget\" data-widget_type=\"text-editor.default\">\n\t\t\t\t<div class=\"elementor-widget-container\">\n\t\t\t\t\t\t\t\t\tEars\n<ul>\n \t<li><span style=\"color: #ffffff;\"><a href=\"https:\/\/www.cliniqueorl.com\/en\/departments\/orl-generale\/oreilles\/otites-moyennes-externes\/\" style=\"color: #273251;\">OTITIS MEDIA \/ EXTERNA<\/a><\/span><\/li>\n \t<li><span style=\"color: #ffffff;\"><a href=\"https:\/\/www.cliniqueorl.com\/en\/departments\/orl-generale\/oreilles\/cholesteatome\/\" style=\"color: #273251;\">CHOLESTEATOMA<\/a><\/span><\/li>\n \t<li><span style=\"color: #ffffff;\"><a href=\"https:\/\/www.cliniqueorl.com\/en\/departments\/orl-generale\/oreilles\/otosclerose\/\" style=\"color: #273251;\">OTOSCLEROSIS<\/a><\/span><\/li>\n \t<li><span style=\"color: #ffffff;\"><a href=\"https:\/\/www.cliniqueorl.com\/en\/departments\/orl-generale\/oreilles\/schwannome vestibulaire\/\" style=\"color: #273251;\">SCHWANNOMA VESTIBULAR<\/a><\/span><\/li>\n \t<li><span style=\"color: #ffffff;\"><a href=\"https:\/\/www.cliniqueorl.com\/en\/departments\/orl-generale\/oreilles\/acouphene\/\" style=\"color: #273251;\">RINGING IN EAR (TINNITUS)<\/a><\/span><\/li>\n \t<li><span style=\"color: #ffffff;\"><a href=\"https:\/\/www.cliniqueorl.com\/en\/departments\/orl-generale\/oreilles\/bouchon-cire-oreille\/\" style=\"color: #273251;\">EAR WAX PLUG<\/a><\/span><\/li>\n \t<li><span style=\"color: #ffffff;\"><a href=\"https:\/\/www.cliniqueorl.com\/en\/departments\/orl-generale\/oreilles\/surdite\/\" style=\"color: #273251;\">HEARING LOSS<\/a><\/span><\/li>\n \t<li><span style=\"color: #ffffff;\"><a href=\"https:\/\/www.cliniqueorl.com\/en\/departments\/orl-generale\/oreilles\/vertiges\/\" style=\"color: #273251;\">VERTIGO<\/a><\/span><\/li>\n \t<li><span style=\"color: #ffffff;\"><a href=\"https:\/\/www.cliniqueorl.com\/en\/departments\/orl-generale\/oreilles\/pediatrique-oreille\/\" style=\"color: #273251;\">PEDIATRIC<\/a><\/span><\/li>\n \t<li><span style=\"color: #ffffff;\"><a href=\"https:\/\/www.cliniqueorl.com\/en\/departments\/surdite-industrielle-professionnelle\/\" style=\"color: #273251;\">OCCUPATIONAL HEARING LOSS<\/a><\/span><\/li>\n \t<li><span style=\"color: #ffffff;\"><a href=\"https:\/\/www.cliniqueorl.com\/en\/departments\/surdite-industrielle-professionnelle\/\" style=\"color: #273251;\">SKIN, FACE AND NECK CANCER<\/a><\/span><\/li>\n<\/ul>\t\t\t\t\t\t\t\t<\/div>\n\t\t\t\t<\/div>\n\t\t\t\t<\/div>\n\t\t\t\t<\/div>\n\t\t\t\t<div class=\"elementor-element elementor-element-7c82007 elementor-hidden-mobile elementor-widget elementor-widget-spacer\" data-id=\"7c82007\" data-element_type=\"widget\" data-e-type=\"widget\" data-widget_type=\"spacer.default\">\n\t\t\t\t<div class=\"elementor-widget-container\">\n\t\t\t\t\t\t\t<div class=\"elementor-spacer\">\n\t\t\t<div class=\"elementor-spacer-inner\"><\/div>\n\t\t<\/div>\n\t\t\t\t\t\t<\/div>\n\t\t\t\t<\/div>\n\t\t<div class=\"elementor-element elementor-element-f79a4a8 elementor-hidden-mobile e-con-full e-flex e-con e-child\" data-id=\"f79a4a8\" data-element_type=\"container\" data-e-type=\"container\" data-settings=\"{&quot;background_background&quot;:&quot;classic&quot;}\">\n\t\t<div class=\"elementor-element elementor-element-3b74816 e-con-full e-flex e-con e-child\" data-id=\"3b74816\" data-element_type=\"container\" data-e-type=\"container\">\n\t\t\t\t<div class=\"elementor-element elementor-element-c1a1961 elementor-widget elementor-widget-spacer\" data-id=\"c1a1961\" data-element_type=\"widget\" data-e-type=\"widget\" data-widget_type=\"spacer.default\">\n\t\t\t\t<div class=\"elementor-widget-container\">\n\t\t\t\t\t\t\t<div class=\"elementor-spacer\">\n\t\t\t<div class=\"elementor-spacer-inner\"><\/div>\n\t\t<\/div>\n\t\t\t\t\t\t<\/div>\n\t\t\t\t<\/div>\n\t\t\t\t<div class=\"elementor-element-custom_font_size elementor-element-custom_line_height elementor-element-custom_font_family elementor-element-custom_font_weight elementor-element-custom_color elementor-element elementor-element-48c4256 elementor-widget elementor-widget-text-editor\" data-id=\"48c4256\" data-element_type=\"widget\" data-e-type=\"widget\" data-widget_type=\"text-editor.default\">\n\t\t\t\t<div class=\"elementor-widget-container\">\n\t\t\t\t\t\t\t\t\t<p style=\"text-align: center;\">BOOK<\/p>\t\t\t\t\t\t\t\t<\/div>\n\t\t\t\t<\/div>\n\t\t\t\t<div class=\"elementor-element-custom_font_size elementor-element-custom_line_height elementor-element-custom_font_family elementor-element-custom_font_weight elementor-element-custom_color elementor-element elementor-element-9aab302 elementor-widget elementor-widget-text-editor\" data-id=\"9aab302\" data-element_type=\"widget\" data-e-type=\"widget\" data-widget_type=\"text-editor.default\">\n\t\t\t\t<div class=\"elementor-widget-container\">\n\t\t\t\t\t\t\t\t\t<p style=\"text-align: center;\">AN APPOINTMENT<\/p>\t\t\t\t\t\t\t\t<\/div>\n\t\t\t\t<\/div>\n\t\t\t\t<div class=\"elementor-element elementor-element-f294464 elementor-widget elementor-widget-spacer\" data-id=\"f294464\" data-element_type=\"widget\" data-e-type=\"widget\" data-widget_type=\"spacer.default\">\n\t\t\t\t<div class=\"elementor-widget-container\">\n\t\t\t\t\t\t\t<div class=\"elementor-spacer\">\n\t\t\t<div class=\"elementor-spacer-inner\"><\/div>\n\t\t<\/div>\n\t\t\t\t\t\t<\/div>\n\t\t\t\t<\/div>\n\t\t\t\t<div class=\"gt3-core-button--alignment_center elementor-element elementor-element-7635e63 elementor-widget elementor-widget-gt3-core-button\" data-id=\"7635e63\" data-element_type=\"widget\" data-e-type=\"widget\" data-widget_type=\"gt3-core-button.default\">\n\t\t\t\t<div class=\"elementor-widget-container\">\n\t\t\t\t\t\t<div class=\"gt3_module_button_elementor size_normal alignment_center button_icon_none hover_none\">\r\n\t\t<a class=\"button_size_elementor_normal alignment_center border_icon_none hover_none btn_icon_position_left\" href=\"https:\/\/orlprive.com\" target=\"_blank\" rel=\"noopener\">\r\n\t\t\t\t<span class=\"gt3_module_button__container\">\r\n\t\t\t\t\t\t\t\t\t\t\t<span class=\"gt3_module_button__cover front\"><span class=\"elementor_gt3_btn_text\">CONTACT US<\/span><\/span>\r\n\t\t\t\t\t\t\t\t\t\t\t\t\t\t\t<\/span>\r\n\t\t<\/a>\r\n\t<\/div>\r\n\r\n<script type=\"application\/json\" id=\"settings--7635e63\">[]<\/script>\t\t\t\t<\/div>\n\t\t\t\t<\/div>\n\t\t\t\t<div class=\"elementor-element elementor-element-d9d70cb elementor-widget elementor-widget-spacer\" data-id=\"d9d70cb\" data-element_type=\"widget\" data-e-type=\"widget\" data-widget_type=\"spacer.default\">\n\t\t\t\t<div class=\"elementor-widget-container\">\n\t\t\t\t\t\t\t<div class=\"elementor-spacer\">\n\t\t\t<div class=\"elementor-spacer-inner\"><\/div>\n\t\t<\/div>\n\t\t\t\t\t\t<\/div>\n\t\t\t\t<\/div>\n\t\t\t\t<\/div>\n\t\t\t\t<\/div>\n\t\t\t\t<div class=\"elementor-element elementor-element-875f465 elementor-hidden-mobile elementor-widget elementor-widget-spacer\" data-id=\"875f465\" data-element_type=\"widget\" data-e-type=\"widget\" data-widget_type=\"spacer.default\">\n\t\t\t\t<div class=\"elementor-widget-container\">\n\t\t\t\t\t\t\t<div class=\"elementor-spacer\">\n\t\t\t<div class=\"elementor-spacer-inner\"><\/div>\n\t\t<\/div>\n\t\t\t\t\t\t<\/div>\n\t\t\t\t<\/div>\n\t\t\t\t<div class=\"elementor-element elementor-element-ecfc8ba elementor-hidden-mobile elementor-widget elementor-widget-spacer\" data-id=\"ecfc8ba\" data-element_type=\"widget\" data-e-type=\"widget\" data-widget_type=\"spacer.default\">\n\t\t\t\t<div class=\"elementor-widget-container\">\n\t\t\t\t\t\t\t<div class=\"elementor-spacer\">\n\t\t\t<div class=\"elementor-spacer-inner\"><\/div>\n\t\t<\/div>\n\t\t\t\t\t\t<\/div>\n\t\t\t\t<\/div>\n\t\t\t\t<\/aside>\n\t\t<div class=\"elementor-element elementor-element-aa481be e-con-full e-flex e-con e-child\" data-id=\"aa481be\" data-element_type=\"container\" data-e-type=\"container\">\n\t\t\t\t<div class=\"elementor-element elementor-element-20a09ec elementor-widget elementor-widget-heading\" data-id=\"20a09ec\" data-element_type=\"widget\" data-e-type=\"widget\" data-widget_type=\"heading.default\">\n\t\t\t\t<div class=\"elementor-widget-container\">\n\t\t\t\t\t<h1 class=\"elementor-heading-title elementor-size-default\">Service de m\u00e9decine ORL Priv\u00e9 \u00e0 Montr\u00e9al<\/h1>\t\t\t\t<\/div>\n\t\t\t\t<\/div>\n\t\t\t\t<div class=\"elementor-element elementor-element-6e6ce7c elementor-widget elementor-widget-heading\" data-id=\"6e6ce7c\" data-element_type=\"widget\" data-e-type=\"widget\" data-widget_type=\"heading.default\">\n\t\t\t\t<div class=\"elementor-widget-container\">\n\t\t\t\t\t<h2 class=\"elementor-heading-title elementor-size-default\">Oto-Rhino-Laryngologiste Priv\u00e9 \u00e0 Montr\u00e9al<\/h2>\t\t\t\t<\/div>\n\t\t\t\t<\/div>\n\t\t<div class=\"elementor-element elementor-element-22d6d49 e-flex e-con-boxed e-con e-child\" data-id=\"22d6d49\" data-element_type=\"container\" data-e-type=\"container\">\n\t\t\t\t\t<div class=\"e-con-inner\">\n\t\t<div class=\"elementor-element elementor-element-df306dd e-flex e-con-boxed e-con e-child\" data-id=\"df306dd\" data-element_type=\"container\" data-e-type=\"container\">\n\t\t\t\t\t<div class=\"e-con-inner\">\n\t\t\t\t<div class=\"elementor-element elementor-element-291f56c elementor-widget elementor-widget-image\" data-id=\"291f56c\" data-element_type=\"widget\" data-e-type=\"widget\" data-widget_type=\"image.default\">\n\t\t\t\t<div class=\"elementor-widget-container\">\n\t\t\t\t\t\t\t\t\t\t\t\t\t\t\t\t<a href=\"https:\/\/orlprive.com\" target=\"_blank\" rel=\"noopener\">\n\t\t\t\t\t\t\t<img decoding=\"async\" width=\"300\" height=\"108\" src=\"https:\/\/www.cliniqueorl.com\/wp-content\/uploads\/2024\/03\/orl-prive-logo-300x108.png\" class=\"attachment-medium size-medium wp-image-2614\" alt=\"\" srcset=\"https:\/\/www.cliniqueorl.com\/wp-content\/uploads\/2024\/03\/orl-prive-logo-300x108.png 300w, https:\/\/www.cliniqueorl.com\/wp-content\/uploads\/2024\/03\/orl-prive-logo.png 434w\" sizes=\"(max-width: 300px) 100vw, 300px\" title=\"orl-prive-logo\" \/>\t\t\t\t\t\t\t\t<\/a>\n\t\t\t\t\t\t\t\t\t\t\t\t\t\t\t<\/div>\n\t\t\t\t<\/div>\n\t\t\t\t\t<\/div>\n\t\t\t\t<\/div>\n\t\t<div class=\"elementor-element elementor-element-061d990 e-flex e-con-boxed e-con e-child\" data-id=\"061d990\" data-element_type=\"container\" data-e-type=\"container\">\n\t\t\t\t\t<div class=\"e-con-inner\">\n\t\t\t\t<div class=\"elementor-element elementor-element-e90cf1e elementor-widget elementor-widget-button\" data-id=\"e90cf1e\" data-element_type=\"widget\" data-e-type=\"widget\" data-widget_type=\"button.default\">\n\t\t\t\t<div class=\"elementor-widget-container\">\n\t\t\t\t\t\t\t\t\t<div class=\"elementor-button-wrapper\">\n\t\t\t\t\t<a class=\"elementor-button elementor-button-link elementor-size-sm elementor-animation-grow\" href=\"tel:5147428878\">\n\t\t\t\t\t\t<span class=\"elementor-button-content-wrapper\">\n\t\t\t\t\t\t<span class=\"elementor-button-icon\">\n\t\t\t\t<i aria-hidden=\"true\" class=\"fas fa-phone\"><\/i>\t\t\t<\/span>\n\t\t\t\t\t\t\t\t\t<span class=\"elementor-button-text\">(514) 742-8878<\/span>\n\t\t\t\t\t<\/span>\n\t\t\t\t\t<\/a>\n\t\t\t\t<\/div>\n\t\t\t\t\t\t\t\t<\/div>\n\t\t\t\t<\/div>\n\t\t\t\t\t<\/div>\n\t\t\t\t<\/div>\n\t\t\t\t\t<\/div>\n\t\t\t\t<\/div>\n\t\t\t\t<div class=\"elementor-element-custom_font_family elementor-element-custom_color elementor-element elementor-element-46cafa0 elementor-widget elementor-widget-text-editor\" data-id=\"46cafa0\" data-element_type=\"widget\" data-e-type=\"widget\" data-widget_type=\"text-editor.default\">\n\t\t\t\t<div class=\"elementor-widget-container\">\n\t\t\t\t\t\t\t\t\t<p>La <a href=\"https:\/\/orlprive.com\" target=\"_blank\" rel=\"noopener\">Clinique ORL Priv\u00e9e de Montr\u00e9al <\/a>est une institution ind\u00e9pendante situ\u00e9e au c\u0153ur de la Clinique ORL de Montr\u00e9al. Elle se pr\u00e9sente comme une alternative dynamique aux services ORL publics, offrant des soins sp\u00e9cialis\u00e9s en ORL <strong>sans requ\u00eate m\u00e9dicale<\/strong> dans un cadre priv\u00e9. Cette entit\u00e9 travaille en \u00e9troite collaboration avec l&rsquo;\u00e9quipe diversifi\u00e9e de la Clinique ORL de Montr\u00e9al, compos\u00e9e de sous-sp\u00e9cialistes ORL, d&rsquo;audiologistes, d&rsquo;<a href=\"https:\/\/www.vosoreilles.com\/\" target=\"_blank\" rel=\"noopener\">audioproth\u00e9sistes<\/a>, d&rsquo;orthophonistes et <a href=\"https:\/\/laboiteacpap.ca\" target=\"_blank\" rel=\"noopener\">d&rsquo;inhaloth\u00e9rapeutes<\/a>. Cette synergie permet d&rsquo;offrir une prise en charge compl\u00e8te et multidisciplinaire, garantissant ainsi une approche personnalis\u00e9e et adapt\u00e9e aux besoins sp\u00e9cifiques de chaque patient.<\/p>\t\t\t\t\t\t\t\t<\/div>\n\t\t\t\t<\/div>\n\t\t\t\t<div class=\"elementor-element elementor-element-a1fbe99 elementor-widget elementor-widget-heading\" data-id=\"a1fbe99\" data-element_type=\"widget\" data-e-type=\"widget\" data-widget_type=\"heading.default\">\n\t\t\t\t<div class=\"elementor-widget-container\">\n\t\t\t\t\t<h1 class=\"elementor-heading-title elementor-size-default\">Quels sont les avatanges du service en ORL au priv\u00e9?<\/h1>\t\t\t\t<\/div>\n\t\t\t\t<\/div>\n\t\t<div class=\"elementor-element elementor-element-9bcd4cf e-con-full e-flex e-con e-child\" data-id=\"9bcd4cf\" data-element_type=\"container\" data-e-type=\"container\">\n\t\t<div class=\"elementor-element elementor-element-e62359b e-con-full e-flex e-con e-child\" data-id=\"e62359b\" data-element_type=\"container\" data-e-type=\"container\">\n\t\t\t\t<div class=\"elementor-element-custom_font_size elementor-element-custom_font_size_mobile elementor-element-custom_font_weight elementor-element-custom_color elementor-element elementor-element-5306ee5 elementor-widget elementor-widget-text-editor\" data-id=\"5306ee5\" data-element_type=\"widget\" data-e-type=\"widget\" data-widget_type=\"text-editor.default\">\n\t\t\t\t<div class=\"elementor-widget-container\">\n\t\t\t\t\t\t\t\t\t<ul class=\"gt3_styled_list\"><li><i class=\"gt3_list__icon fa fa-check\"><\/i>D\u00e9lai d&rsquo;attente r\u00e9duit<\/li><li><i class=\"gt3_list__icon fa fa-check\"><\/i>Requ\u00eate m\u00e9dicale non-requise<\/li><li><i class=\"gt3_list__icon fa fa-check\"><\/i>intervention rapide<\/li><li><i class=\"gt3_list__icon fa fa-check\"><\/i>chirurgie mineure sur place<\/li><\/ul>\t\t\t\t\t\t\t\t<\/div>\n\t\t\t\t<\/div>\n\t\t\t\t<\/div>\n\t\t<div class=\"elementor-element elementor-element-81e98c6 e-con-full e-flex e-con e-child\" data-id=\"81e98c6\" data-element_type=\"container\" data-e-type=\"container\">\n\t\t\t\t<div class=\"elementor-element-custom_font_size elementor-element-custom_font_size_mobile elementor-element-custom_font_weight elementor-element-custom_color elementor-element elementor-element-bf1bc6d elementor-widget elementor-widget-text-editor\" data-id=\"bf1bc6d\" data-element_type=\"widget\" data-e-type=\"widget\" data-widget_type=\"text-editor.default\">\n\t\t\t\t<div class=\"elementor-widget-container\">\n\t\t\t\t\t\t\t\t\t<ul class=\"gt3_styled_list\"><li><i class=\"gt3_list__icon fa fa-check\"><\/i>ligne t\u00e9l\u00e9phonique priv\u00e9e<\/li><li><i class=\"gt3_list__icon fa fa-check\"><\/i>chat en ligne support<\/li><li><i class=\"gt3_list__icon fa fa-check\"><\/i>r\u00e9sultats tests &amp; pathologies rapides<\/li><li><i class=\"gt3_list__icon fa fa-check\"><\/i>Acc\u00e8s \u00e0 un grand r\u00e9seau de M\u00e9decins\u00a0<\/li><\/ul>\t\t\t\t\t\t\t\t<\/div>\n\t\t\t\t<\/div>\n\t\t\t\t<\/div>\n\t\t\t\t<\/div>\n\t\t\t\t<div class=\"elementor-element elementor-element-6bac78a elementor-widget elementor-widget-heading\" data-id=\"6bac78a\" data-element_type=\"widget\" data-e-type=\"widget\" data-widget_type=\"heading.default\">\n\t\t\t\t<div class=\"elementor-widget-container\">\n\t\t\t\t\t<h2 class=\"elementor-heading-title elementor-size-default\">Les services offerts \u00e0 la Clinique ORL Priv\u00e9e de Montr\u00e9al<\/h2>\t\t\t\t<\/div>\n\t\t\t\t<\/div>\n\t\t\t\t<div class=\"elementor-element-custom_font_family elementor-element-custom_color elementor-element elementor-element-3791b7c elementor-widget elementor-widget-text-editor\" data-id=\"3791b7c\" data-element_type=\"widget\" data-e-type=\"widget\" data-widget_type=\"text-editor.default\">\n\t\t\t\t<div class=\"elementor-widget-container\">\n\t\t\t\t\t\t\t\t\t<p><span>Nos sp\u00e9cialistes traitent une vari\u00e9t\u00e9 de conditions affectant les adultes et enfants, allant des infections courantes comme l&rsquo;otite, la sinusite, aux troubles plus complexes n\u00e9cessitant des interventions chirurgicales d\u00e9licates, dans un cadre rassurant et adapt\u00e9 \u00e0 chaque \u00e2ge.<\/span><\/p>\t\t\t\t\t\t\t\t<\/div>\n\t\t\t\t<\/div>\n\t\t\t\t<div class=\"elementor-element elementor-element-3f3e46c elementor-widget elementor-widget-heading\" data-id=\"3f3e46c\" data-element_type=\"widget\" data-e-type=\"widget\" data-widget_type=\"heading.default\">\n\t\t\t\t<div class=\"elementor-widget-container\">\n\t\t\t\t\t<h2 class=\"elementor-heading-title elementor-size-default\">Oreille, nez &amp; gorge adulte &amp; p\u00e9diatrique<\/h2>\t\t\t\t<\/div>\n\t\t\t\t<\/div>\n\t\t\t\t<div class=\"elementor-element-custom_font_family elementor-element-custom_color elementor-element elementor-element-e0dbefd elementor-widget elementor-widget-text-editor\" data-id=\"e0dbefd\" data-element_type=\"widget\" data-e-type=\"widget\" data-widget_type=\"text-editor.default\">\n\t\t\t\t<div class=\"elementor-widget-container\">\n\t\t\t\t\t\t\t\t\t<p><span>Nos sp\u00e9cialistes traitent une vari\u00e9t\u00e9 de conditions affectant les adultes et enfants, allant des infections courantes comme l&rsquo;otite, la sinusite, les polypes nasaux, les saignements de nez epistaxis aux troubles plus complexes n\u00e9cessitant des interventions chirurgicales d\u00e9licates, dans un cadre rassurant et adapt\u00e9 \u00e0 chaque \u00e2ge.<\/span><\/p>\t\t\t\t\t\t\t\t<\/div>\n\t\t\t\t<\/div>\n\t\t\t\t<div class=\"elementor-element elementor-element-5311311 elementor-widget elementor-widget-heading\" data-id=\"5311311\" data-element_type=\"widget\" data-e-type=\"widget\" data-widget_type=\"heading.default\">\n\t\t\t\t<div class=\"elementor-widget-container\">\n\t\t\t\t\t<h2 class=\"elementor-heading-title elementor-size-default\">Audiologie &amp; acouph\u00e8nes<\/h2>\t\t\t\t<\/div>\n\t\t\t\t<\/div>\n\t\t\t\t<div class=\"elementor-element-custom_color elementor-element elementor-element-8874827 elementor-widget elementor-widget-text-editor\" data-id=\"8874827\" data-element_type=\"widget\" data-e-type=\"widget\" data-widget_type=\"text-editor.default\">\n\t\t\t\t<div class=\"elementor-widget-container\">\n\t\t\t\t\t\t\t\t\t<p><span>Nous offrons des services complets d&rsquo;audiologie, y compris des \u00e9valuations auditives et le traitement des acouph\u00e8nes. Nos <a href=\"https:\/\/audiologistemontreal.com\" target=\"_blank\" rel=\"noopener\">audiologistes<\/a> utilisent des technologies de pointe pour diagnostiquer avec pr\u00e9cision et proposer des solutions personnalis\u00e9es pour am\u00e9liorer votre qualit\u00e9 de vie.<\/span><\/p>\t\t\t\t\t\t\t\t<\/div>\n\t\t\t\t<\/div>\n\t\t\t\t<div class=\"elementor-element elementor-element-0ac203a elementor-widget elementor-widget-heading\" data-id=\"0ac203a\" data-element_type=\"widget\" data-e-type=\"widget\" data-widget_type=\"heading.default\">\n\t\t\t\t<div class=\"elementor-widget-container\">\n\t\t\t\t\t<h2 class=\"elementor-heading-title elementor-size-default\">Vertiges &amp; probl\u00e8mes d'\u00e9quilibre<\/h2>\t\t\t\t<\/div>\n\t\t\t\t<\/div>\n\t\t\t\t<div class=\"elementor-element-custom_color elementor-element elementor-element-4b747b9 elementor-widget elementor-widget-text-editor\" data-id=\"4b747b9\" data-element_type=\"widget\" data-e-type=\"widget\" data-widget_type=\"text-editor.default\">\n\t\t\t\t<div class=\"elementor-widget-container\">\n\t\t\t\t\t\t\t\t\t<p><span>Les vertiges et les d\u00e9s\u00e9quilibres peuvent avoir un impact significatif sur la vie quotidienne. Nos \u00e9valuations sp\u00e9cialis\u00e9es d\u00e9terminent la cause de vos sympt\u00f4mes pour offrir un traitement cibl\u00e9 et restaurer votre stabilit\u00e9.<\/span><\/p>\t\t\t\t\t\t\t\t<\/div>\n\t\t\t\t<\/div>\n\t\t\t\t<div class=\"elementor-element elementor-element-82c10f8 elementor-widget elementor-widget-heading\" data-id=\"82c10f8\" data-element_type=\"widget\" data-e-type=\"widget\" data-widget_type=\"heading.default\">\n\t\t\t\t<div class=\"elementor-widget-container\">\n\t\t\t\t\t<h3 class=\"elementor-heading-title elementor-size-default\">Test VNG<\/h3>\t\t\t\t<\/div>\n\t\t\t\t<\/div>\n\t\t\t\t<div class=\"elementor-element-custom_color elementor-element elementor-element-9cd626a elementor-widget elementor-widget-text-editor\" data-id=\"9cd626a\" data-element_type=\"widget\" data-e-type=\"widget\" data-widget_type=\"text-editor.default\">\n\t\t\t\t<div class=\"elementor-widget-container\">\n\t\t\t\t\t\t\t\t\t<p><span>Le test VNG (Videonystagmographie) est un examen de pointe pour analyser les troubles de l&rsquo;\u00e9quilibre et les vertiges. Il permet d&rsquo;\u00e9valuer de mani\u00e8re non invasive les fonctions du syst\u00e8me vestibulaire et de la coordination oculomotrice.<\/span><\/p>\t\t\t\t\t\t\t\t<\/div>\n\t\t\t\t<\/div>\n\t\t\t\t<div class=\"elementor-element elementor-element-f81543c elementor-widget elementor-widget-heading\" data-id=\"f81543c\" data-element_type=\"widget\" data-e-type=\"widget\" data-widget_type=\"heading.default\">\n\t\t\t\t<div class=\"elementor-widget-container\">\n\t\t\t\t\t<h2 class=\"elementor-heading-title elementor-size-default\">Ronflement &amp; apn\u00e9e du sommeil<\/h2>\t\t\t\t<\/div>\n\t\t\t\t<\/div>\n\t\t\t\t<div class=\"elementor-element-custom_color elementor-element elementor-element-2db7e29 elementor-widget elementor-widget-text-editor\" data-id=\"2db7e29\" data-element_type=\"widget\" data-e-type=\"widget\" data-widget_type=\"text-editor.default\">\n\t\t\t\t<div class=\"elementor-widget-container\">\n\t\t\t\t\t\t\t\t\t<p><span>Les troubles du sommeil tels que le ronflement et l&rsquo;apn\u00e9e du sommeil sont \u00e9valu\u00e9s gr\u00e2ce \u00e0 des m\u00e9thodes diagnostiques avanc\u00e9es. Des solutions personnalis\u00e9es, y compris des <a href=\"https:\/\/laboiteacpap.ca\/\" target=\"_blank\" rel=\"noopener\">appareils CPAP<\/a> et des interventions chirurgicales, sont propos\u00e9es pour am\u00e9liorer votre sommeil.<\/span><\/p>\t\t\t\t\t\t\t\t<\/div>\n\t\t\t\t<\/div>\n\t\t\t\t<div class=\"elementor-element elementor-element-91ca068 elementor-widget elementor-widget-heading\" data-id=\"91ca068\" data-element_type=\"widget\" data-e-type=\"widget\" data-widget_type=\"heading.default\">\n\t\t\t\t<div class=\"elementor-widget-container\">\n\t\t\t\t\t<h2 class=\"elementor-heading-title elementor-size-default\">Thyroide &amp; parathyroide<\/h2>\t\t\t\t<\/div>\n\t\t\t\t<\/div>\n\t\t\t\t<div class=\"elementor-element-custom_color elementor-element elementor-element-958d825 elementor-widget elementor-widget-text-editor\" data-id=\"958d825\" data-element_type=\"widget\" data-e-type=\"widget\" data-widget_type=\"text-editor.default\">\n\t\t\t\t<div class=\"elementor-widget-container\">\n\t\t\t\t\t\t\t\t\t<p><span>Nous diagnostiquons et traitons les troubles de la thyro\u00efde et des parathyro\u00efdes, offrant une gamme de traitements allant de la surveillance m\u00e9dicale \u00e0 la chirurgie, le tout effectu\u00e9 par des chirurgiens sp\u00e9cialis\u00e9s en thyro\u00efdectomie et parathyro\u00efdectomie.<\/span><\/p>\t\t\t\t\t\t\t\t<\/div>\n\t\t\t\t<\/div>\n\t\t\t\t<div class=\"elementor-element elementor-element-522c74a elementor-widget elementor-widget-heading\" data-id=\"522c74a\" data-element_type=\"widget\" data-e-type=\"widget\" data-widget_type=\"heading.default\">\n\t\t\t\t<div class=\"elementor-widget-container\">\n\t\t\t\t\t<h3 class=\"elementor-heading-title elementor-size-default\">Biopsie du cou &amp; \u00e9chographie diagnostique<\/h3>\t\t\t\t<\/div>\n\t\t\t\t<\/div>\n\t\t\t\t<div class=\"elementor-element-custom_color elementor-element elementor-element-6f0ddf5 elementor-widget elementor-widget-text-editor\" data-id=\"6f0ddf5\" data-element_type=\"widget\" data-e-type=\"widget\" data-widget_type=\"text-editor.default\">\n\t\t\t\t<div class=\"elementor-widget-container\">\n\t\t\t\t\t\t\t\t\t<p><span>La biopsie du cou et l&rsquo;\u00e9chographie diagnostique sont des proc\u00e9dures minimales qui nous permettent d&rsquo;identifier pr\u00e9cis\u00e9ment la nature des masses cervicales, fournissant des informations cruciales pour le traitement et la gestion des maladies.<\/span><\/p>\t\t\t\t\t\t\t\t<\/div>\n\t\t\t\t<\/div>\n\t\t\t\t<div class=\"elementor-element elementor-element-ac1cab2 elementor-widget elementor-widget-heading\" data-id=\"ac1cab2\" data-element_type=\"widget\" data-e-type=\"widget\" data-widget_type=\"heading.default\">\n\t\t\t\t<div class=\"elementor-widget-container\">\n\t\t\t\t\t<h2 class=\"elementor-heading-title elementor-size-default\">Dermatologie t\u00eate &amp; cou<\/h2>\t\t\t\t<\/div>\n\t\t\t\t<\/div>\n\t\t\t\t<div class=\"elementor-element-custom_color elementor-element elementor-element-93ed60a elementor-widget elementor-widget-text-editor\" data-id=\"93ed60a\" data-element_type=\"widget\" data-e-type=\"widget\" data-widget_type=\"text-editor.default\">\n\t\t\t\t<div class=\"elementor-widget-container\">\n\t\t\t\t\t\t\t\t\t<p><span>Le service de dermatologie ORL priv\u00e9 se sp\u00e9cialise dans les affections cutan\u00e9es de la t\u00eate et du cou, offrant des diagnostics pr\u00e9cis et des traitements pour les conditions telles que les l\u00e9sions cutan\u00e9es, le cancer de la peau, et plus encore, avec une approche centr\u00e9e sur le patient. Voici des exemples de proc\u00e9dures faites en clinique:<\/span><\/p><ul><li><strong>Traitement des kystes s\u00e9bac\u00e9s<\/strong><span> : Excision chirurgicale pour retirer des kystes non douloureux mais souvent g\u00eanants.<br \/><\/span><\/li><li><strong>Abord des acrochordons (tags cutan\u00e9s)<\/strong> : Retrait de ces petites excroissances de peau souvent situ\u00e9es sur le cou ou les aisselles.<\/li><li><strong>Gestion des papillomes cutan\u00e9s (t\u00e9tines)<\/strong> : Proc\u00e9dures pour enlever ces petites tumeurs b\u00e9nignes de la peau.<\/li><li><strong>\u00c9limination de lipomes<\/strong> : Excision de ces tumeurs graisseuses b\u00e9nignes sous la peau.<\/li><li><strong>Traitement des verrues<\/strong> : Utilisation de cryoth\u00e9rapie ou d&rsquo;autres m\u00e9thodes pour enlever les verrues virales.<\/li><li><strong>R\u00e9section de n\u00e6vus (grains de beaut\u00e9)<\/strong> : Ablation chirurgicale de ces l\u00e9sions pigment\u00e9es pour des raisons esth\u00e9tiques ou pr\u00e9ventives.<\/li><li><strong>Excision de l\u00e9sions cutan\u00e9es<\/strong><span> : Retrait de l\u00e9sions b\u00e9nignes ou suspectes de malignit\u00e9.<\/span><\/li><li><strong>Gestion des cicatrices et des ch\u00e9lo\u00efdes<\/strong> : Traitements pour minimiser ou remodeler les cicatrices pro\u00e9minentes.<\/li><\/ul>\t\t\t\t\t\t\t\t<\/div>\n\t\t\t\t<\/div>\n\t\t<div class=\"elementor-element elementor-element-8087137 e-flex e-con-boxed e-con e-child\" data-id=\"8087137\" data-element_type=\"container\" data-e-type=\"container\" data-settings=\"{&quot;background_background&quot;:&quot;classic&quot;}\">\n\t\t\t\t\t<div class=\"e-con-inner\">\n\t\t\t\t<div class=\"elementor-element elementor-element-481982b elementor-align-center elementor-mobile-align-start elementor-icon-list--layout-traditional elementor-list-item-link-full_width elementor-widget elementor-widget-icon-list\" data-id=\"481982b\" data-element_type=\"widget\" data-e-type=\"widget\" data-widget_type=\"icon-list.default\">\n\t\t\t\t<div class=\"elementor-widget-container\">\n\t\t\t\t\t\t\t<ul class=\"elementor-icon-list-items\">\n\t\t\t\t\t\t\t<li class=\"elementor-icon-list-item\">\n\t\t\t\t\t\t\t\t\t\t\t<span class=\"elementor-icon-list-icon\">\n\t\t\t\t\t\t\t<svg xmlns=\"http:\/\/www.w3.org\/2000\/svg\" xmlns:xlink=\"http:\/\/www.w3.org\/1999\/xlink\" width=\"512\" height=\"512\" x=\"0\" y=\"0\" viewbox=\"0 0 25 25\" style=\"enable-background:new 0 0 512 512\" xml:space=\"preserve\" class=\"\"><g><path d=\"M12.5 23A10.5 10.5 0 1 1 23 12.5 10.51 10.51 0 0 1 12.5 23zm0-20a9.5 9.5 0 1 0 9.5 9.5A9.51 9.51 0 0 0 12.5 3zm5.5 9.5a.5.5 0 0 0-.5-.5H13V5.5a.5.5 0 0 0-1 0v7a.5.5 0 0 0 .5.5h5a.5.5 0 0 0 .5-.5z\" data-name=\"Layer 31\" fill=\"#ffffff\" opacity=\"1\" data-original=\"#000000\"><\/path><\/g><\/svg>\t\t\t\t\t\t<\/span>\n\t\t\t\t\t\t\t\t\t\t<span class=\"elementor-icon-list-text\">D\u00e9couvrez notre service ORL priv\u00e9<\/span>\n\t\t\t\t\t\t\t\t\t<\/li>\n\t\t\t\t\t\t<\/ul>\n\t\t\t\t\t\t<\/div>\n\t\t\t\t<\/div>\n\t\t\t\t<div class=\"elementor-element-custom_font_size elementor-element-custom_font_family elementor-element-custom_color elementor-element elementor-element-30cb849 elementor-hidden-mobile elementor-widget elementor-widget-text-editor\" data-id=\"30cb849\" data-element_type=\"widget\" data-e-type=\"widget\" data-widget_type=\"text-editor.default\">\n\t\t\t\t<div class=\"elementor-widget-container\">\n\t\t\t\t\t\t\t\t\t<p>\u00c0 la Clinique ORL de Montr\u00e9al, nous comprenons l\u2019importance d\u2019un acc\u00e8s rapide \u00e0 des soins sp\u00e9cialis\u00e9s. C&rsquo;est pourquoi nous sommes partenaires avec un service ORL priv\u00e9, offrant des consultations sans requ\u00eate m\u00e9dicale n\u00e9cessaire.<\/p>\t\t\t\t\t\t\t\t<\/div>\n\t\t\t\t<\/div>\n\t\t\t\t<div class=\"elementor-element elementor-element-0de6b07 elementor-align-center elementor-widget elementor-widget-button\" data-id=\"0de6b07\" data-element_type=\"widget\" data-e-type=\"widget\" data-widget_type=\"button.default\">\n\t\t\t\t<div class=\"elementor-widget-container\">\n\t\t\t\t\t\t\t\t\t<div class=\"elementor-button-wrapper\">\n\t\t\t\t\t<a class=\"elementor-button elementor-button-link elementor-size-sm elementor-animation-grow\" href=\"https:\/\/orlprive.com\" target=\"_blank\" rel=\"noopener\">\n\t\t\t\t\t\t<span class=\"elementor-button-content-wrapper\">\n\t\t\t\t\t\t<span class=\"elementor-button-icon\">\n\t\t\t\t<i aria-hidden=\"true\" class=\"fas fa-arrow-circle-right\"><\/i>\t\t\t<\/span>\n\t\t\t\t\t\t\t\t\t<span class=\"elementor-button-text\">Visitez le site web<\/span>\n\t\t\t\t\t<\/span>\n\t\t\t\t\t<\/a>\n\t\t\t\t<\/div>\n\t\t\t\t\t\t\t\t<\/div>\n\t\t\t\t<\/div>\n\t\t\t\t\t<\/div>\n\t\t\t\t<\/div>\n\t\t\t\t<div class=\"elementor-element elementor-element-b45654b elementor-widget elementor-widget-spacer\" data-id=\"b45654b\" data-element_type=\"widget\" data-e-type=\"widget\" data-widget_type=\"spacer.default\">\n\t\t\t\t<div class=\"elementor-widget-container\">\n\t\t\t\t\t\t\t<div class=\"elementor-spacer\">\n\t\t\t<div class=\"elementor-spacer-inner\"><\/div>\n\t\t<\/div>\n\t\t\t\t\t\t<\/div>\n\t\t\t\t<\/div>\n\t\t\t\t<div class=\"elementor-element elementor-element-7b46b56 elementor-widget elementor-widget-spacer\" data-id=\"7b46b56\" data-element_type=\"widget\" data-e-type=\"widget\" data-widget_type=\"spacer.default\">\n\t\t\t\t<div class=\"elementor-widget-container\">\n\t\t\t\t\t\t\t<div class=\"elementor-spacer\">\n\t\t\t<div class=\"elementor-spacer-inner\"><\/div>\n\t\t<\/div>\n\t\t\t\t\t\t<\/div>\n\t\t\t\t<\/div>\n\t\t\t\t<div class=\"elementor-element-custom_color elementor-element elementor-element-5091873 elementor-widget elementor-widget-text-editor\" data-id=\"5091873\" data-element_type=\"widget\" data-e-type=\"widget\" data-widget_type=\"text-editor.default\">\n\t\t\t\t<div class=\"elementor-widget-container\">\n\t\t\t\t\t\t\t\t\t<h3>FREQUENTLY ASKED QUESTIONS<\/h3>\t\t\t\t\t\t\t\t<\/div>\n\t\t\t\t<\/div>\n\t\t\t\t<div class=\"elementor-element elementor-element-4dc5bec elementor-widget elementor-widget-gt3-core-accordion\" data-id=\"4dc5bec\" data-element_type=\"widget\" data-e-type=\"widget\" data-widget_type=\"gt3-core-accordion.default\">\n\t\t\t\t<div class=\"elementor-widget-container\">\n\t\t\t\t\t\t<div class=\"accordion_wrapper\" data-settings=\"{&quot;collapsible&quot;:false,&quot;active&quot;:0}\">\r\n\t<div class=\"item_title\">Dois-je avoir une r\u00e9f\u00e9rence m\u00e9dicale pour consulter un sp\u00e9cialiste ORL priv\u00e9?<\/div><div class=\"item_content\"><p><span>Non, dans notre clinique priv\u00e9e, aucun r\u00e9f\u00e9rencement m\u00e9dical n'est requis pour prendre rendez-vous avec nos sp\u00e9cialistes ORL.<\/span><\/p><\/div><div class=\"item_title\">Quels sont les d\u00e9lais pour obtenir un rendez-vous?<\/div><div class=\"item_content\"><p><span>Les d\u00e9lais de rendez-vous sont g\u00e9n\u00e9ralement beaucoup plus courts que dans le secteur public, ce qui vous permet d'\u00eatre vu rapidement par un sp\u00e9cialiste.<\/span><\/p><\/div><div class=\"item_title\">Quels types de services et traitements ORL offrez-vous?<\/div><div class=\"item_content\"><p><span>Nous offrons une gamme compl\u00e8te de services et de traitements pour les probl\u00e8mes d'oreille, de nez et de gorge, y compris les interventions chirurgicales courantes comme la myringotomie (tube dans les oreilles).<\/span><\/p><\/div><div class=\"item_title\">Comment puis-je payer pour les services d&#039;une clinique ORL priv\u00e9e?<\/div><div class=\"item_content\"><p><span>Les paiements peuvent \u00eatre effectu\u00e9s par diff\u00e9rentes m\u00e9thodes, incluant les cartes de cr\u00e9dit, et un financement peut \u00eatre disponible pour certaines proc\u00e9dures.<\/span><\/p><\/div><div class=\"item_title\">Combien co\u00fbte une consultation en ORL priv\u00e9?<\/div><div class=\"item_content\"><p>G\u00e9n\u00e9ralement une consultation en ORL priv\u00e9 co\u00fbte approximativement entre 300-400$.<\/p><\/div><\/div><script type=\"application\/json\" id=\"settings--4dc5bec\">{\"collapsible\":false,\"active\":0}<\/script>\t\t\t\t<\/div>\n\t\t\t\t<\/div>\n\t\t\t\t<\/div>\n\t\t\t\t\t<\/div>\n\t\t\t\t<\/div>\n\t\t\t\t<section class=\"elementor-section elementor-top-section elementor-element elementor-element-16f0c18a elementor-section-boxed elementor-section-height-default elementor-section-height-default\" data-id=\"16f0c18a\" data-element_type=\"section\" data-e-type=\"section\">\n\t\t\t\t\t\t<div class=\"elementor-container elementor-column-gap-default\">\n\t\t\t\t\t<div class=\"elementor-column elementor-col-100 elementor-top-column elementor-element elementor-element-1d7ab885\" data-id=\"1d7ab885\" data-element_type=\"column\" data-e-type=\"column\">\n\t\t\t<div class=\"elementor-widget-wrap elementor-element-populated\">\n\t\t\t\t\t\t<div class=\"elementor-element elementor-element-1b8f8146 elementor-widget elementor-widget-spacer\" data-id=\"1b8f8146\" data-element_type=\"widget\" data-e-type=\"widget\" data-widget_type=\"spacer.default\">\n\t\t\t\t<div class=\"elementor-widget-container\">\n\t\t\t\t\t\t\t<div class=\"elementor-spacer\">\n\t\t\t<div class=\"elementor-spacer-inner\"><\/div>\n\t\t<\/div>\n\t\t\t\t\t\t<\/div>\n\t\t\t\t<\/div>\n\t\t\t\t\t<\/div>\n\t\t<\/div>\n\t\t\t\t\t<\/div>\n\t\t<\/section>\n\t\t\t\t<section class=\"elementor-section elementor-top-section elementor-element elementor-element-6674e57e elementor-section-content-middle elementor-section-stretched elementor-section-boxed elementor-section-height-default elementor-section-height-default\" data-id=\"6674e57e\" data-element_type=\"section\" data-e-type=\"section\" data-settings=\"{&quot;background_background&quot;:&quot;classic&quot;,&quot;stretch_section&quot;:&quot;section-stretched&quot;}\">\n\t\t\t\t\t\t<div class=\"elementor-container elementor-column-gap-no\">\n\t\t\t\t\t<div class=\"elementor-column elementor-col-50 elementor-top-column elementor-element elementor-element-34ab1ffd\" data-id=\"34ab1ffd\" data-element_type=\"column\" data-e-type=\"column\">\n\t\t\t<div class=\"elementor-widget-wrap elementor-element-populated\">\n\t\t\t\t\t\t<div class=\"elementor-element elementor-element-349305d7 elementor-widget elementor-widget-spacer\" data-id=\"349305d7\" data-element_type=\"widget\" data-e-type=\"widget\" data-widget_type=\"spacer.default\">\n\t\t\t\t<div class=\"elementor-widget-container\">\n\t\t\t\t\t\t\t<div class=\"elementor-spacer\">\n\t\t\t<div class=\"elementor-spacer-inner\"><\/div>\n\t\t<\/div>\n\t\t\t\t\t\t<\/div>\n\t\t\t\t<\/div>\n\t\t\t\t<div class=\"elementor-element-custom_font_family elementor-element-custom_font_weight elementor-element-custom_color elementor-element elementor-element-72c4411b elementor-widget elementor-widget-text-editor\" data-id=\"72c4411b\" data-element_type=\"widget\" data-e-type=\"widget\" data-widget_type=\"text-editor.default\">\n\t\t\t\t<div class=\"elementor-widget-container\">\n\t\t\t\t\t\t\t\t\t<h1>Subspecialist ENT doctors at your service!<\/h1>\t\t\t\t\t\t\t\t<\/div>\n\t\t\t\t<\/div>\n\t\t\t\t<div class=\"elementor-element elementor-element-679fc219 elementor-widget elementor-widget-spacer\" data-id=\"679fc219\" data-element_type=\"widget\" data-e-type=\"widget\" data-widget_type=\"spacer.default\">\n\t\t\t\t<div class=\"elementor-widget-container\">\n\t\t\t\t\t\t\t<div class=\"elementor-spacer\">\n\t\t\t<div class=\"elementor-spacer-inner\"><\/div>\n\t\t<\/div>\n\t\t\t\t\t\t<\/div>\n\t\t\t\t<\/div>\n\t\t\t\t\t<\/div>\n\t\t<\/div>\n\t\t\t\t<div class=\"elementor-column elementor-col-50 elementor-top-column elementor-element elementor-element-345a39d5 min_width-500px\" data-id=\"345a39d5\" data-element_type=\"column\" data-e-type=\"column\">\n\t\t\t<div class=\"elementor-widget-wrap elementor-element-populated\">\n\t\t\t\t\t\t<div class=\"elementor-element-custom_color elementor-element elementor-element-4fe4a5de elementor-widget elementor-widget-text-editor\" data-id=\"4fe4a5de\" data-element_type=\"widget\" data-e-type=\"widget\" data-widget_type=\"text-editor.default\">\n\t\t\t\t<div class=\"elementor-widget-container\">\n\t\t\t\t\t\t\t\t\t<p><img decoding=\"async\" class=\"size-full wp-image-556 alignnone\" style=\"margin-right: 13px\" src=\"https:\/\/livewp.site\/wp\/md\/sirona\/wp-content\/uploads\/sites\/62\/2019\/07\/icon-23.png\" alt=\"\" width=\"100\" height=\"100\" \/> <img decoding=\"async\" class=\"alignnone size-medium wp-image-555\" style=\"margin-right: 13px\" src=\"https:\/\/livewp.site\/wp\/md\/sirona\/wp-content\/uploads\/sites\/62\/2019\/07\/icon-22.png\" alt=\"\" width=\"100\" height=\"100\" \/> <img loading=\"lazy\" decoding=\"async\" class=\"alignnone size-full wp-image-554\" src=\"https:\/\/livewp.site\/wp\/md\/sirona\/wp-content\/uploads\/sites\/62\/2019\/07\/icon-21.png\" alt=\"\" width=\"100\" height=\"100\" \/><\/p>\t\t\t\t\t\t\t\t<\/div>\n\t\t\t\t<\/div>\n\t\t\t\t<div class=\"elementor-element elementor-element-653d6c96 elementor-hidden-desktop elementor-widget elementor-widget-spacer\" data-id=\"653d6c96\" data-element_type=\"widget\" data-e-type=\"widget\" data-widget_type=\"spacer.default\">\n\t\t\t\t<div class=\"elementor-widget-container\">\n\t\t\t\t\t\t\t<div class=\"elementor-spacer\">\n\t\t\t<div class=\"elementor-spacer-inner\"><\/div>\n\t\t<\/div>\n\t\t\t\t\t\t<\/div>\n\t\t\t\t<\/div>\n\t\t\t\t<div class=\"elementor-element elementor-element-45c857b5 elementor-widget elementor-widget-spacer\" data-id=\"45c857b5\" data-element_type=\"widget\" data-e-type=\"widget\" data-widget_type=\"spacer.default\">\n\t\t\t\t<div class=\"elementor-widget-container\">\n\t\t\t\t\t\t\t<div class=\"elementor-spacer\">\n\t\t\t<div class=\"elementor-spacer-inner\"><\/div>\n\t\t<\/div>\n\t\t\t\t\t\t<\/div>\n\t\t\t\t<\/div>\n\t\t\t\t\t<\/div>\n\t\t<\/div>\n\t\t\t\t\t<\/div>\n\t\t<\/section>\n\t\t\t\t<\/div>","protected":false},"excerpt":{"rendered":"<p>SP\u00c9CIALIT\u00c9S Oreilles OTITES MOYENNES \/ EXTERNES CHOLEST\u00c9ATOME OTOSCL\u00c9ROSE SCHWANNOME VESTIBULAIRE BRUITS OREILLE (ACOUPH\u00c8NE) BOUCHON CIRE OREILLE SURDIT\u00c9 VERTIGES P\u00c9DIATRIQUE SURDIT\u00c9 PROFESSIONNELLE CANCER PEAU, VISAGE, COU PRENDRE UN RENDEZ-VOUS NOUS JOINDRE Service de m\u00e9decine ORL Priv\u00e9 \u00e0 Montr\u00e9al Oto-Rhino-Laryngologiste Priv\u00e9 \u00e0 Montr\u00e9al (514) 742-8878 La Clinique ORL Priv\u00e9e de Montr\u00e9al est une institution ind\u00e9pendante situ\u00e9e au [&hellip;]<\/p>\n","protected":false},"author":8,"featured_media":0,"parent":0,"menu_order":0,"comment_status":"closed","ping_status":"closed","template":"","meta":{"footnotes":""},"class_list":["post-2601","page","type-page","status-publish","hentry"],"_links":{"self":[{"href":"https:\/\/www.cliniqueorl.com\/en\/wp-json\/wp\/v2\/pages\/2601","targetHints":{"allow":["GET"]}}],"collection":[{"href":"https:\/\/www.cliniqueorl.com\/en\/wp-json\/wp\/v2\/pages"}],"about":[{"href":"https:\/\/www.cliniqueorl.com\/en\/wp-json\/wp\/v2\/types\/page"}],"author":[{"embeddable":true,"href":"https:\/\/www.cliniqueorl.com\/en\/wp-json\/wp\/v2\/users\/8"}],"replies":[{"embeddable":true,"href":"https:\/\/www.cliniqueorl.com\/en\/wp-json\/wp\/v2\/comments?post=2601"}],"version-history":[{"count":91,"href":"https:\/\/www.cliniqueorl.com\/en\/wp-json\/wp\/v2\/pages\/2601\/revisions"}],"predecessor-version":[{"id":3677,"href":"https:\/\/www.cliniqueorl.com\/en\/wp-json\/wp\/v2\/pages\/2601\/revisions\/3677"}],"wp:attachment":[{"href":"https:\/\/www.cliniqueorl.com\/en\/wp-json\/wp\/v2\/media?parent=2601"}],"curies":[{"name":"wp","href":"https:\/\/api.w.org\/{rel}","templated":true}]}}